{"id":3071,"date":"2023-09-04T12:15:51","date_gmt":"2023-09-04T10:15:51","guid":{"rendered":"https:\/\/lehndorff-gesellschaft-steinort.com\/lehndorff-gesellschaft\/"},"modified":"2025-07-29T13:25:22","modified_gmt":"2025-07-29T11:25:22","slug":"lehndorff-gesellschaft","status":"publish","type":"page","link":"https:\/\/lehndorff-gesellschaft-steinort.com\/pl\/lehndorff-gesellschaft\/","title":{"rendered":"Towarzystwo Sztynorckie im. Lehndorff\u00f3w"},"content":{"rendered":"<p><div class=\"fusion-fullwidth fullwidth-box fusion-builder-row-1 fusion-flex-container has-pattern-background has-mask-background fusion-parallax-none nonhundred-percent-fullwidth non-hundred-percent-height-scrolling fusion-custom-z-index\" style=\"--awb-border-radius-top-left:0px;--awb-border-radius-top-right:0px;--awb-border-radius-bottom-right:0px;--awb-border-radius-bottom-left:0px;--awb-z-index:50;--awb-margin-bottom:-70px;--awb-min-height:calc(100 vh -70px);--awb-background-image:url(&quot;https:\/\/lehndorff-gesellschaft-steinort.com\/wp-content\/uploads\/2023\/09\/Header-Gesellschaft-web.jpg&quot;);--awb-background-size:cover;--awb-flex-wrap:wrap;\" id=\"headerfullwidth\" ><div class=\"fusion-builder-row fusion-row fusion-flex-align-items-flex-start fusion-flex-content-wrap\" style=\"max-width:1216.8px;margin-left: calc(-4% \/ 2 );margin-right: calc(-4% \/ 2 );\"><div class=\"fusion-layout-column fusion_builder_column fusion-builder-column-0 fusion_builder_column_1_1 1_1 fusion-flex-column fusion-flex-align-self-flex-end\" style=\"--awb-bg-size:cover;--awb-width-large:100%;--awb-margin-top-large:0px;--awb-spacing-right-large:1.92%;--awb-margin-bottom-large:20px;--awb-spacing-left-large:1.92%;--awb-width-medium:100%;--awb-order-medium:0;--awb-spacing-right-medium:1.92%;--awb-spacing-left-medium:1.92%;--awb-width-small:100%;--awb-order-small:0;--awb-spacing-right-small:1.92%;--awb-spacing-left-small:1.92%;\" id=\"rowheaderhl\"><div class=\"fusion-column-wrapper fusion-column-has-shadow fusion-flex-justify-content-flex-end fusion-content-layout-column\"><div class=\"fusion-text fusion-text-1 fusion-text-no-margin bgblau clipheader\" style=\"--awb-content-alignment:left;--awb-font-size:max(min(60px, 5vw), 24px);;--awb-line-height:1;--awb-text-transform:uppercase;--awb-text-color:#ffffff;--awb-margin-bottom:60px;--awb-text-font-family:&quot;Montserrat&quot;;--awb-text-font-style:normal;--awb-text-font-weight:400;\" id=\"headerhl\"><p>Towarzystwo Sztynorckie im. Lehndorff\u00f3w<br \/>\n<strong>SZTYNORT<\/strong><\/p>\n<\/div><div class=\"fusion-image-element \" style=\"text-align:center;--awb-caption-title-font-family:var(--h2_typography-font-family);--awb-caption-title-font-weight:var(--h2_typography-font-weight);--awb-caption-title-font-style:var(--h2_typography-font-style);--awb-caption-title-size:var(--h2_typography-font-size);--awb-caption-title-transform:var(--h2_typography-text-transform);--awb-caption-title-line-height:var(--h2_typography-line-height);--awb-caption-title-letter-spacing:var(--h2_typography-letter-spacing);\"><span class=\" fusion-imageframe imageframe-none imageframe-1 hover-type-none iconmouseheader\"><img decoding=\"async\" width=\"72\" height=\"103\" title=\"scroll-down-icon-scrolling-symbol-for-web-design-vector-23059633\" src=\"https:\/\/lehndorff-gesellschaft-steinort.com\/wp-content\/uploads\/2023\/08\/scroll-down-icon-scrolling-symbol-for-web-design-vector-23059633.png\" alt class=\"img-responsive wp-image-2992\"\/><\/span><\/div><\/div><\/div><\/div><\/div><div class=\"fusion-fullwidth fullwidth-box fusion-builder-row-2 fusion-flex-container has-pattern-background has-mask-background nonhundred-percent-fullwidth non-hundred-percent-height-scrolling\" style=\"--awb-background-position:left top;--awb-border-sizes-top:0px;--awb-border-sizes-bottom:0px;--awb-border-sizes-left:0px;--awb-border-sizes-right:0px;--awb-border-radius-top-left:0px;--awb-border-radius-top-right:0px;--awb-border-radius-bottom-right:0px;--awb-border-radius-bottom-left:0px;--awb-padding-top:100px;--awb-padding-bottom:0px;--awb-margin-bottom:0px;--awb-flex-wrap:wrap;\" ><div class=\"fusion-builder-row fusion-row fusion-flex-align-items-stretch fusion-flex-content-wrap\" style=\"max-width:calc( 1170px + 0px );margin-left: calc(-0px \/ 2 );margin-right: calc(-0px \/ 2 );\"><div class=\"fusion-layout-column fusion_builder_column fusion-builder-column-1 fusion_builder_column_1_5 1_5 fusion-flex-column\" style=\"--awb-padding-right:80px;--awb-bg-position:right bottom;--awb-bg-size:cover;--awb-width-large:20%;--awb-margin-top-large:0px;--awb-spacing-right-large:0px;--awb-margin-bottom-large:20px;--awb-spacing-left-large:0px;--awb-width-medium:100%;--awb-order-medium:0;--awb-spacing-right-medium:0px;--awb-margin-bottom-medium:0px;--awb-spacing-left-medium:0px;--awb-width-small:100%;--awb-order-small:0;--awb-spacing-right-small:0px;--awb-spacing-left-small:0px;\" data-scroll-devices=\"small-visibility,medium-visibility,large-visibility\"><div class=\"fusion-column-wrapper fusion-column-has-shadow fusion-flex-justify-content-flex-start fusion-content-layout-column\"><\/div><\/div><div class=\"fusion-layout-column fusion_builder_column fusion-builder-column-2 fusion_builder_column_4_5 4_5 fusion-flex-column\" style=\"--awb-padding-right:80px;--awb-bg-position:right bottom;--awb-bg-size:cover;--awb-width-large:80%;--awb-margin-top-large:0px;--awb-spacing-right-large:0px;--awb-margin-bottom-large:20px;--awb-spacing-left-large:0px;--awb-width-medium:100%;--awb-order-medium:0;--awb-spacing-right-medium:0px;--awb-margin-bottom-medium:0px;--awb-spacing-left-medium:0px;--awb-width-small:100%;--awb-order-small:0;--awb-spacing-right-small:0px;--awb-spacing-left-small:0px;\"><div class=\"fusion-column-wrapper fusion-column-has-shadow fusion-flex-justify-content-flex-start fusion-content-layout-column\"><div class=\"fusion-title title fusion-title-1 fusion-title-text fusion-title-size-three\" style=\"--awb-margin-top-small:0px;--awb-margin-right-small:0px;--awb-margin-bottom-small:15px;--awb-margin-left-small:0px;--awb-font-size:46px;\"><div class=\"title-sep-container title-sep-container-left fusion-no-large-visibility fusion-no-medium-visibility fusion-no-small-visibility\"><div class=\"title-sep sep- sep-solid\" style=\"border-color:#e0dede;\"><\/div><\/div><span class=\"awb-title-spacer fusion-no-large-visibility fusion-no-medium-visibility fusion-no-small-visibility\"><\/span><h3 class=\"fusion-title-heading title-heading-left fusion-responsive-typography-calculated\" style=\"margin:0;text-transform:uppercase;font-size:1em;--fontSize:46;line-height:1.67;\">Nasza historia<\/h3><span class=\"awb-title-spacer\"><\/span><div class=\"title-sep-container title-sep-container-right\"><div class=\"title-sep sep- sep-solid\" style=\"border-color:#e0dede;\"><\/div><\/div><\/div><div class=\"fusion-text fusion-text-2\" style=\"--awb-text-transform:none;\"><p><strong><span style=\"font-size: 26px;\">Towarzystwo<\/span><\/strong> Sztynorckie im. Lehndorff\u00f3w (LGS) jest stowarzyszeniem non-profit z siedzib\u0105 w Berlinie.<\/p>\n<p> Pocz\u0105tki dzia\u0142alno\u015bci Towarzystwa si\u0119gaj\u0105 lat 1992\u20132000 oraz 2000\u20132007, kiedy to dzia\u0142a\u0142o stowaryszenie spo\u0142eczne F\u00f6rderkreis Steinort wspieraj\u0105ce odbudow\u0119 pa\u0142acu. Obecnie Towarzystwo anga\u017cuje si\u0119 w kulturow\u0105 rewitalizacj\u0119 pa\u0142acu w Sztynorcie w ramach polsko-niemieckiej wsp\u00f3\u0142pracy, uwzgl\u0119dniaj\u0105c szerszy kontekst regionu Morza Ba\u0142tyckiego.<\/p>\n<p>Towarzystwo dzia\u0142a w ramach rozleg\u0142ej sieci wsp\u00f3\u0142pracy z instytucjami, organizacjami i ekspertami z Niemiec, Polski oraz innych kraj\u00f3w europejskich. Wsp\u00f3\u0142pracujemy z fundacjami, stowarzyszeniami, towarzystwami, organizacjami pozarz\u0105dowymi, uczelniami wy\u017cszymi i instytutami badawczymi, a tak\u017ce z instytucjami rz\u0105dowymi, regionalnymi oraz wieloma zaanga\u017cowanymi osobami prywatnymi.<\/p>\n<p>Rodzinie, kt\u00f3ra nale\u017cy do Towarzystwa Sztynorckiego im. Lehndorff\u00f3w, szczeg\u00f3lnie zale\u017cy na tym, aby Sztynort \u2013 miejsce, w kt\u00f3rym spotykaj\u0105 si\u0119 historia, tera\u017aniejszo\u015b\u0107 i przysz\u0142o\u015b\u0107 \u2013 t\u0119tni\u0142 \u017cyciem a jednocze\u015bnie przypomina\u0142 o tym, czym by\u0142 w przesz\u0142o\u015bci.<\/p>\n<p>\u201eM\u00f3j dziadek postawi\u0142 na szali wszystko, co stanowi\u0142o o jego \u017cyciu\u2026 poniewa\u017c walczy\u0142 o wy\u017csz\u0105 spraw\u0119: chcia\u0142 da\u0107 wyraz sprzeciwu wobec re\u017cimu niesprawiedliwo\u015bci \u2013 i by\u0142 got\u00f3w p\u00f3j\u015b\u0107 w tym a\u017c do ko\u0144ca\u201d \u2013 m\u00f3wi wnuk Verus w filmie &#8222;Ratunek dla zabytku kultury&#8221;. \u201eDziedzictwem, kt\u00f3re pozostawi\u0142 nam nasz dziadek, jest postawa sprzeciwu wobec niesprawiedliwo\u015bci. Zosta\u0142o ju\u017c niewiele miejsc, kt\u00f3re mog\u0105 przypomina\u0107 o takich ludziach \u2013 do nich nale\u017cy ten pa\u0142ac w Sztynorcie.\u201d<\/p>\n<p>Obecny zarz\u0105d LGS, powo\u0142any w czerwcu 2020 roku, tworzy siedmiu cz\u0142onk\u00f3w wybranych w g\u0142osowaniu, siedmiu cz\u0142onk\u00f3w honorowych oraz dwoje wsp\u00f3\u0142pracuj\u0105cych specjalist\u00f3w wspieraj\u0105cych prace zarz\u0105du.<\/p>\n<\/div><\/div><\/div><\/div><\/div><div class=\"fusion-fullwidth fullwidth-box fusion-builder-row-3 fusion-flex-container has-pattern-background has-mask-background nonhundred-percent-fullwidth non-hundred-percent-height-scrolling\" style=\"--awb-background-position:left top;--awb-border-sizes-top:0px;--awb-border-sizes-bottom:0px;--awb-border-sizes-left:0px;--awb-border-sizes-right:0px;--awb-border-radius-top-left:0px;--awb-border-radius-top-right:0px;--awb-border-radius-bottom-right:0px;--awb-border-radius-bottom-left:0px;--awb-padding-top:50px;--awb-padding-bottom:0px;--awb-margin-bottom:0px;--awb-flex-wrap:wrap;\" ><div class=\"fusion-builder-row fusion-row fusion-flex-align-items-stretch fusion-flex-content-wrap\" style=\"max-width:calc( 1170px + 0px );margin-left: calc(-0px \/ 2 );margin-right: calc(-0px \/ 2 );\"><div class=\"fusion-layout-column fusion_builder_column fusion-builder-column-3 fusion_builder_column_1_5 1_5 fusion-flex-column\" style=\"--awb-padding-top:10px;--awb-padding-right:80px;--awb-bg-position:right bottom;--awb-bg-size:cover;--awb-width-large:20%;--awb-margin-top-large:0px;--awb-spacing-right-large:0px;--awb-margin-bottom-large:20px;--awb-spacing-left-large:0px;--awb-width-medium:100%;--awb-order-medium:0;--awb-spacing-right-medium:0px;--awb-margin-bottom-medium:0px;--awb-spacing-left-medium:0px;--awb-width-small:100%;--awb-order-small:0;--awb-spacing-right-small:0px;--awb-spacing-left-small:0px;\" data-scroll-devices=\"small-visibility,medium-visibility,large-visibility\"><div class=\"fusion-column-wrapper fusion-column-has-shadow fusion-flex-justify-content-flex-start fusion-content-layout-column\"><div class=\"fusion-image-element \" style=\"--awb-caption-title-font-family:var(--h2_typography-font-family);--awb-caption-title-font-weight:var(--h2_typography-font-weight);--awb-caption-title-font-style:var(--h2_typography-font-style);--awb-caption-title-size:var(--h2_typography-font-size);--awb-caption-title-transform:var(--h2_typography-text-transform);--awb-caption-title-line-height:var(--h2_typography-line-height);--awb-caption-title-letter-spacing:var(--h2_typography-letter-spacing);\"><span class=\" fusion-imageframe imageframe-none imageframe-2 hover-type-none lgsimg\"><img decoding=\"async\" width=\"300\" height=\"300\" title=\"Bettina-Bouresh\" src=\"https:\/\/lehndorff-gesellschaft-steinort.com\/wp-content\/uploads\/2023\/09\/Bettina-Bouresh-300x300.jpg\" alt class=\"img-responsive wp-image-3015\" srcset=\"https:\/\/lehndorff-gesellschaft-steinort.com\/wp-content\/uploads\/2023\/09\/Bettina-Bouresh-200x200.jpg 200w, https:\/\/lehndorff-gesellschaft-steinort.com\/wp-content\/uploads\/2023\/09\/Bettina-Bouresh-400x400.jpg 400w, https:\/\/lehndorff-gesellschaft-steinort.com\/wp-content\/uploads\/2023\/09\/Bettina-Bouresh-600x600.jpg 600w, https:\/\/lehndorff-gesellschaft-steinort.com\/wp-content\/uploads\/2023\/09\/Bettina-Bouresh-800x800.jpg 800w, https:\/\/lehndorff-gesellschaft-steinort.com\/wp-content\/uploads\/2023\/09\/Bettina-Bouresh-1200x1200.jpg 1200w, https:\/\/lehndorff-gesellschaft-steinort.com\/wp-content\/uploads\/2023\/09\/Bettina-Bouresh.jpg 1800w\" sizes=\"(max-width: 1024px) 100vw, (max-width: 640px) 100vw, 200px\" \/><\/span><\/div><\/div><\/div><div class=\"fusion-layout-column fusion_builder_column fusion-builder-column-4 fusion_builder_column_4_5 4_5 fusion-flex-column\" style=\"--awb-padding-right:80px;--awb-bg-position:right bottom;--awb-bg-size:cover;--awb-width-large:80%;--awb-margin-top-large:0px;--awb-spacing-right-large:0px;--awb-margin-bottom-large:20px;--awb-spacing-left-large:0px;--awb-width-medium:100%;--awb-order-medium:0;--awb-spacing-right-medium:0px;--awb-margin-bottom-medium:0px;--awb-spacing-left-medium:0px;--awb-width-small:100%;--awb-order-small:0;--awb-spacing-right-small:0px;--awb-spacing-left-small:0px;\"><div class=\"fusion-column-wrapper fusion-column-has-shadow fusion-flex-justify-content-flex-start fusion-content-layout-column\"><div class=\"fusion-text fusion-text-3\" style=\"--awb-text-transform:none;\"><p><strong>dr Bettina Bouresh, Berlin, 1. Przewodnicz\u0105ca <\/strong>* 1950, ur. w Wetzhausen\/ Unterfranken. Historyczka, archeolo\u017cka, badaczka, menad\u017cerka projekt\u00f3w; do 2015 w archiwum Archiv des Landschaftsverband Rheinland, Kolonia; zaanga\u017cowana w ratowanie Sztynortu od 1991 roku, wsp\u00f3\u0142za\u0142o\u017cycielka Fundacji Sztynort (1994), przewodnicz\u0105ca stowarzyszenia F\u00f6rderkreis Steinort w latach 1992\u20132000 oraz 2007\u20132009; od listopada 2017 Przewodnicz\u0105ca Towarzystwa Sztynorckiego im. Lehndor\ufb00\u00f3w (LGS e.V.)<\/p>\n<\/div><\/div><\/div><\/div><\/div><div class=\"fusion-fullwidth fullwidth-box fusion-builder-row-4 fusion-flex-container has-pattern-background has-mask-background nonhundred-percent-fullwidth non-hundred-percent-height-scrolling\" style=\"--awb-background-position:left top;--awb-border-sizes-top:0px;--awb-border-sizes-bottom:0px;--awb-border-sizes-left:0px;--awb-border-sizes-right:0px;--awb-border-radius-top-left:0px;--awb-border-radius-top-right:0px;--awb-border-radius-bottom-right:0px;--awb-border-radius-bottom-left:0px;--awb-padding-top:10px;--awb-padding-bottom:0px;--awb-margin-bottom:0px;--awb-flex-wrap:wrap;\" ><div class=\"fusion-builder-row fusion-row fusion-flex-align-items-stretch fusion-flex-content-wrap\" style=\"max-width:calc( 1170px + 0px );margin-left: calc(-0px \/ 2 );margin-right: calc(-0px \/ 2 );\"><div class=\"fusion-layout-column fusion_builder_column fusion-builder-column-5 fusion_builder_column_1_5 1_5 fusion-flex-column\" style=\"--awb-padding-top:10px;--awb-padding-right:80px;--awb-bg-position:right bottom;--awb-bg-size:cover;--awb-width-large:20%;--awb-margin-top-large:0px;--awb-spacing-right-large:0px;--awb-margin-bottom-large:20px;--awb-spacing-left-large:0px;--awb-width-medium:100%;--awb-order-medium:0;--awb-spacing-right-medium:0px;--awb-margin-bottom-medium:0px;--awb-spacing-left-medium:0px;--awb-width-small:100%;--awb-order-small:0;--awb-spacing-right-small:0px;--awb-spacing-left-small:0px;\" data-scroll-devices=\"small-visibility,medium-visibility,large-visibility\"><div class=\"fusion-column-wrapper fusion-column-has-shadow fusion-flex-justify-content-flex-start fusion-content-layout-column\"><div class=\"fusion-image-element \" style=\"--awb-caption-title-font-family:var(--h2_typography-font-family);--awb-caption-title-font-weight:var(--h2_typography-font-weight);--awb-caption-title-font-style:var(--h2_typography-font-style);--awb-caption-title-size:var(--h2_typography-font-size);--awb-caption-title-transform:var(--h2_typography-text-transform);--awb-caption-title-line-height:var(--h2_typography-line-height);--awb-caption-title-letter-spacing:var(--h2_typography-letter-spacing);\"><span class=\" fusion-imageframe imageframe-none imageframe-3 hover-type-none lgsimg\"><img decoding=\"async\" width=\"300\" height=\"300\" title=\"Joanna-Szymanska\" src=\"https:\/\/lehndorff-gesellschaft-steinort.com\/wp-content\/uploads\/2023\/09\/Joanna-Szymanska-300x300.jpg\" alt class=\"img-responsive wp-image-3019\" srcset=\"https:\/\/lehndorff-gesellschaft-steinort.com\/wp-content\/uploads\/2023\/09\/Joanna-Szymanska-200x200.jpg 200w, https:\/\/lehndorff-gesellschaft-steinort.com\/wp-content\/uploads\/2023\/09\/Joanna-Szymanska-400x400.jpg 400w, https:\/\/lehndorff-gesellschaft-steinort.com\/wp-content\/uploads\/2023\/09\/Joanna-Szymanska-600x600.jpg 600w, https:\/\/lehndorff-gesellschaft-steinort.com\/wp-content\/uploads\/2023\/09\/Joanna-Szymanska-800x800.jpg 800w, https:\/\/lehndorff-gesellschaft-steinort.com\/wp-content\/uploads\/2023\/09\/Joanna-Szymanska-1200x1200.jpg 1200w, https:\/\/lehndorff-gesellschaft-steinort.com\/wp-content\/uploads\/2023\/09\/Joanna-Szymanska.jpg 1800w\" sizes=\"(max-width: 1024px) 100vw, (max-width: 640px) 100vw, 200px\" \/><\/span><\/div><\/div><\/div><div class=\"fusion-layout-column fusion_builder_column fusion-builder-column-6 fusion_builder_column_4_5 4_5 fusion-flex-column\" style=\"--awb-padding-right:80px;--awb-bg-position:right bottom;--awb-bg-size:cover;--awb-width-large:80%;--awb-margin-top-large:0px;--awb-spacing-right-large:0px;--awb-margin-bottom-large:20px;--awb-spacing-left-large:0px;--awb-width-medium:100%;--awb-order-medium:0;--awb-spacing-right-medium:0px;--awb-margin-bottom-medium:0px;--awb-spacing-left-medium:0px;--awb-width-small:100%;--awb-order-small:0;--awb-spacing-right-small:0px;--awb-spacing-left-small:0px;\"><div class=\"fusion-column-wrapper fusion-column-has-shadow fusion-flex-justify-content-flex-start fusion-content-layout-column\"><div class=\"fusion-text fusion-text-4\" style=\"--awb-text-transform:none;\"><p><strong>Joanna Szymanska-Bica, 2. Vorsitzende,<\/strong> zam. w Monschau, ur. w Olsztynie, wieloletnia aktywna cz\u0142onkini mniejszo\u015bci niemieckiej na Warmii i Mazurach. Od 2020 roku mieszka z rodzin\u0105 \u2013 m\u0119\u017cem i dwiema c\u00f3rkami \u2013 w Monschau (Nadrenia P\u00f3\u0142nocna-Westfalia), gdzie anga\u017cuje si\u0119 w dzia\u0142alno\u015b\u0107 samorz\u0105dow\u0105, koncentruj\u0105c si\u0119 przede wszystkim na polityce spo\u0142ecznej, integracji i migracji. Jest aktywna na wielu p\u0142aszczyznach w niemieckich sieciach polonijnych. Przygotowuje rozpraw\u0119 doktorsk\u0105 z zakresu nauk politycznych na RWTH Aachen.<\/p>\n<\/div><\/div><\/div><\/div><\/div><div class=\"fusion-fullwidth fullwidth-box fusion-builder-row-5 fusion-flex-container has-pattern-background has-mask-background nonhundred-percent-fullwidth non-hundred-percent-height-scrolling\" style=\"--awb-background-position:left top;--awb-border-sizes-top:0px;--awb-border-sizes-bottom:0px;--awb-border-sizes-left:0px;--awb-border-sizes-right:0px;--awb-border-radius-top-left:0px;--awb-border-radius-top-right:0px;--awb-border-radius-bottom-right:0px;--awb-border-radius-bottom-left:0px;--awb-padding-top:10px;--awb-padding-bottom:0px;--awb-margin-bottom:0px;--awb-flex-wrap:wrap;\" ><div class=\"fusion-builder-row fusion-row fusion-flex-align-items-stretch fusion-flex-content-wrap\" style=\"max-width:calc( 1170px + 0px );margin-left: calc(-0px \/ 2 );margin-right: calc(-0px \/ 2 );\"><div class=\"fusion-layout-column fusion_builder_column fusion-builder-column-7 fusion_builder_column_1_5 1_5 fusion-flex-column\" style=\"--awb-padding-top:10px;--awb-padding-right:80px;--awb-bg-position:right bottom;--awb-bg-size:cover;--awb-width-large:20%;--awb-margin-top-large:0px;--awb-spacing-right-large:0px;--awb-margin-bottom-large:20px;--awb-spacing-left-large:0px;--awb-width-medium:100%;--awb-order-medium:0;--awb-spacing-right-medium:0px;--awb-margin-bottom-medium:0px;--awb-spacing-left-medium:0px;--awb-width-small:100%;--awb-order-small:0;--awb-spacing-right-small:0px;--awb-spacing-left-small:0px;\" data-scroll-devices=\"small-visibility,medium-visibility,large-visibility\"><div class=\"fusion-column-wrapper fusion-column-has-shadow fusion-flex-justify-content-flex-start fusion-content-layout-column\"><div class=\"fusion-image-element \" style=\"--awb-caption-title-font-family:var(--h2_typography-font-family);--awb-caption-title-font-weight:var(--h2_typography-font-weight);--awb-caption-title-font-style:var(--h2_typography-font-style);--awb-caption-title-size:var(--h2_typography-font-size);--awb-caption-title-transform:var(--h2_typography-text-transform);--awb-caption-title-line-height:var(--h2_typography-line-height);--awb-caption-title-letter-spacing:var(--h2_typography-letter-spacing);\"><span class=\" fusion-imageframe imageframe-none imageframe-4 hover-type-none lgsimg\"><img decoding=\"async\" width=\"300\" height=\"300\" title=\"Uwe-Heckert\" src=\"https:\/\/lehndorff-gesellschaft-steinort.com\/wp-content\/uploads\/2023\/09\/Uwe-Heckert-300x300.jpg\" alt class=\"img-responsive wp-image-3021\" srcset=\"https:\/\/lehndorff-gesellschaft-steinort.com\/wp-content\/uploads\/2023\/09\/Uwe-Heckert-200x200.jpg 200w, https:\/\/lehndorff-gesellschaft-steinort.com\/wp-content\/uploads\/2023\/09\/Uwe-Heckert-400x400.jpg 400w, https:\/\/lehndorff-gesellschaft-steinort.com\/wp-content\/uploads\/2023\/09\/Uwe-Heckert-600x600.jpg 600w, https:\/\/lehndorff-gesellschaft-steinort.com\/wp-content\/uploads\/2023\/09\/Uwe-Heckert-800x800.jpg 800w, https:\/\/lehndorff-gesellschaft-steinort.com\/wp-content\/uploads\/2023\/09\/Uwe-Heckert-1200x1200.jpg 1200w, https:\/\/lehndorff-gesellschaft-steinort.com\/wp-content\/uploads\/2023\/09\/Uwe-Heckert.jpg 1800w\" sizes=\"(max-width: 1024px) 100vw, (max-width: 640px) 100vw, 200px\" \/><\/span><\/div><\/div><\/div><div class=\"fusion-layout-column fusion_builder_column fusion-builder-column-8 fusion_builder_column_4_5 4_5 fusion-flex-column\" style=\"--awb-padding-right:80px;--awb-bg-position:right bottom;--awb-bg-size:cover;--awb-width-large:80%;--awb-margin-top-large:0px;--awb-spacing-right-large:0px;--awb-margin-bottom-large:20px;--awb-spacing-left-large:0px;--awb-width-medium:100%;--awb-order-medium:0;--awb-spacing-right-medium:0px;--awb-margin-bottom-medium:0px;--awb-spacing-left-medium:0px;--awb-width-small:100%;--awb-order-small:0;--awb-spacing-right-small:0px;--awb-spacing-left-small:0px;\"><div class=\"fusion-column-wrapper fusion-column-has-shadow fusion-flex-justify-content-flex-start fusion-content-layout-column\"><div class=\"fusion-text fusion-text-5\" style=\"--awb-text-transform:none;\"><p><strong>Dr. Uwe Heckert, Hannover, sekretarz,<\/strong> ur. 1961 w Hannoverze. Historyk, kierownik muzeum i archiwsta; zaanga\u017cowany w utworzenie Muzeum Historii Miasta w Waiblingen (Badenia-Wirtembergia), mieszcz\u0105cego si\u0119 w najstarszym budynku miasta z XV wieku; od 2016 roku pe\u0142ni funkcj\u0119 kierownika Archiwum Parlamentu Dolnej Saksonii; zwi\u0105zany ze Sztynortem od 2005 roku (jako wsp\u00f3\u0142pracownik dr. Bouresh w Kolonii przy Zwi\u0105zku Krajowym Nadrenii \u2013 Landschaftsverband Rheinland). Jako mediewista szczeg\u00f3lnie interesuje si\u0119 dawn\u0105 histori\u0105 Sztynortu.<\/p>\n<\/div><\/div><\/div><\/div><\/div><div class=\"fusion-fullwidth fullwidth-box fusion-builder-row-6 fusion-flex-container has-pattern-background has-mask-background nonhundred-percent-fullwidth non-hundred-percent-height-scrolling\" style=\"--awb-background-position:left top;--awb-border-sizes-top:0px;--awb-border-sizes-bottom:0px;--awb-border-sizes-left:0px;--awb-border-sizes-right:0px;--awb-border-radius-top-left:0px;--awb-border-radius-top-right:0px;--awb-border-radius-bottom-right:0px;--awb-border-radius-bottom-left:0px;--awb-padding-top:10px;--awb-padding-bottom:0px;--awb-margin-bottom:0px;--awb-flex-wrap:wrap;\" ><div class=\"fusion-builder-row fusion-row fusion-flex-align-items-stretch fusion-flex-content-wrap\" style=\"max-width:calc( 1170px + 0px );margin-left: calc(-0px \/ 2 );margin-right: calc(-0px \/ 2 );\"><div class=\"fusion-layout-column fusion_builder_column fusion-builder-column-9 fusion_builder_column_1_5 1_5 fusion-flex-column\" style=\"--awb-padding-top:10px;--awb-padding-right:80px;--awb-bg-position:right bottom;--awb-bg-size:cover;--awb-width-large:20%;--awb-margin-top-large:0px;--awb-spacing-right-large:0px;--awb-margin-bottom-large:20px;--awb-spacing-left-large:0px;--awb-width-medium:100%;--awb-order-medium:0;--awb-spacing-right-medium:0px;--awb-margin-bottom-medium:0px;--awb-spacing-left-medium:0px;--awb-width-small:100%;--awb-order-small:0;--awb-spacing-right-small:0px;--awb-spacing-left-small:0px;\" data-scroll-devices=\"small-visibility,medium-visibility,large-visibility\"><div class=\"fusion-column-wrapper fusion-column-has-shadow fusion-flex-justify-content-flex-start fusion-content-layout-column\"><div class=\"fusion-image-element \" style=\"--awb-caption-title-font-family:var(--h2_typography-font-family);--awb-caption-title-font-weight:var(--h2_typography-font-weight);--awb-caption-title-font-style:var(--h2_typography-font-style);--awb-caption-title-size:var(--h2_typography-font-size);--awb-caption-title-transform:var(--h2_typography-text-transform);--awb-caption-title-line-height:var(--h2_typography-line-height);--awb-caption-title-letter-spacing:var(--h2_typography-letter-spacing);\"><span class=\" fusion-imageframe imageframe-none imageframe-5 hover-type-none lgsimg\"><img decoding=\"async\" width=\"200\" height=\"300\" title=\"Portra\u0308t Julia (1)\" src=\"https:\/\/lehndorff-gesellschaft-steinort.com\/wp-content\/uploads\/2024\/10\/Portraet-Julia-1-200x300.jpg\" alt class=\"img-responsive wp-image-3202\" srcset=\"https:\/\/lehndorff-gesellschaft-steinort.com\/wp-content\/uploads\/2024\/10\/Portraet-Julia-1-200x300.jpg 200w, https:\/\/lehndorff-gesellschaft-steinort.com\/wp-content\/uploads\/2024\/10\/Portraet-Julia-1-400x599.jpg 400w, https:\/\/lehndorff-gesellschaft-steinort.com\/wp-content\/uploads\/2024\/10\/Portraet-Julia-1-600x899.jpg 600w, https:\/\/lehndorff-gesellschaft-steinort.com\/wp-content\/uploads\/2024\/10\/Portraet-Julia-1-800x1199.jpg 800w, https:\/\/lehndorff-gesellschaft-steinort.com\/wp-content\/uploads\/2024\/10\/Portraet-Julia-1.jpg 1068w\" sizes=\"(max-width: 1024px) 100vw, (max-width: 640px) 100vw, 200px\" \/><\/span><\/div><\/div><\/div><div class=\"fusion-layout-column fusion_builder_column fusion-builder-column-10 fusion_builder_column_4_5 4_5 fusion-flex-column\" style=\"--awb-padding-right:80px;--awb-bg-position:right bottom;--awb-bg-size:cover;--awb-width-large:80%;--awb-margin-top-large:0px;--awb-spacing-right-large:0px;--awb-margin-bottom-large:20px;--awb-spacing-left-large:0px;--awb-width-medium:100%;--awb-order-medium:0;--awb-spacing-right-medium:0px;--awb-margin-bottom-medium:0px;--awb-spacing-left-medium:0px;--awb-width-small:100%;--awb-order-small:0;--awb-spacing-right-small:0px;--awb-spacing-left-small:0px;\"><div class=\"fusion-column-wrapper fusion-column-has-shadow fusion-flex-justify-content-flex-start fusion-content-layout-column\"><div class=\"fusion-text fusion-text-6\" style=\"--awb-text-transform:none;\"><p><span style=\"color: var(--awb-text-color); font-family: var(--awb-text-font-family); font-size: var(--awb-font-size); font-style: var(--awb-text-font-style); letter-spacing: var(--awb-letter-spacing); text-align: var(--awb-content-alignment); text-transform: var(--awb-text-transform); background-color: var(--awb-bg-color-hover);\"><b>Julia Herzog<\/b><\/span><strong>, Stuttgart, skarbniczka.<\/strong> <span style=\"color: var(--awb-text-color); font-family: var(--awb-text-font-family); font-size: var(--awb-font-size); font-style: var(--awb-text-font-style); font-weight: var(--awb-text-font-weight); letter-spacing: var(--awb-letter-spacing); text-align: var(--awb-content-alignment); text-transform: var(--awb-text-transform); background-color: var(--awb-bg-color-hover);\">Studiowa\u0142a filologi\u0119 polsk\u0105 i nauk\u0119 o ksi\u0105\u017cce na Uniwersytecie Jana Gutenberga w Moguncji oraz w Warszawie, uzyska\u0142a doktorat z filologii polskiej. Ponadto posiada wieloletnie do\u015bwiadczenie w pracy z m\u0142odzie\u017c\u0105, administracji oraz zarz\u0105dzaniu projektami. Do 2022 roku by\u0142a mened\u017cerk\u0105 kultury w Instytucie Stosunk\u00f3w Zagranicznych (ifa) w Olsztynie (Polska).   <\/span><span style=\"color: var(--awb-text-color); font-family: var(--awb-text-font-family); font-size: var(--awb-font-size); font-style: var(--awb-text-font-style); font-weight: var(--awb-text-font-weight); letter-spacing: var(--awb-letter-spacing); text-align: var(--awb-content-alignment); text-transform: var(--awb-text-transform); background-color: var(--awb-bg-color-hover);\">Po zako\u0144czeniu pracy w Federalistycznej Unii Europejskich Narodowo\u015bci, Julia Herzog przenios\u0142a si\u0119 do siedziby centrali IfA w Stuttgarcie. <\/span><span style=\"color: var(--awb-text-color); font-family: var(--awb-text-font-family); font-size: var(--awb-font-size); font-style: var(--awb-text-font-style); font-weight: var(--awb-text-font-weight); letter-spacing: var(--awb-letter-spacing); text-align: var(--awb-content-alignment); text-transform: var(--awb-text-transform); background-color: var(--awb-bg-color);\">Od 2019<\/span><span style=\"background-color: var(--awb-bg-color-hover); color: var(--awb-text-color); font-family: var(--awb-text-font-family); font-size: var(--awb-font-size); font-style: var(--awb-text-font-style); font-weight: var(--awb-text-font-weight); letter-spacing: var(--awb-letter-spacing); text-align: var(--awb-content-alignment); text-transform: var(--awb-text-transform);\"> anga\u017cuje si\u0119 w prac\u0119 na rzecz Pa\u0142acu w Sztynorcie.<\/span><\/p>\n<\/div><\/div><\/div><\/div><\/div><div class=\"fusion-fullwidth fullwidth-box fusion-builder-row-7 fusion-flex-container has-pattern-background has-mask-background nonhundred-percent-fullwidth non-hundred-percent-height-scrolling\" style=\"--awb-background-position:left top;--awb-border-sizes-top:0px;--awb-border-sizes-bottom:0px;--awb-border-sizes-left:0px;--awb-border-sizes-right:0px;--awb-border-radius-top-left:0px;--awb-border-radius-top-right:0px;--awb-border-radius-bottom-right:0px;--awb-border-radius-bottom-left:0px;--awb-padding-top:10px;--awb-padding-bottom:0px;--awb-margin-bottom:0px;--awb-flex-wrap:wrap;\" ><div class=\"fusion-builder-row fusion-row fusion-flex-align-items-stretch fusion-flex-content-wrap\" style=\"max-width:calc( 1170px + 0px );margin-left: calc(-0px \/ 2 );margin-right: calc(-0px \/ 2 );\"><div class=\"fusion-layout-column fusion_builder_column fusion-builder-column-11 fusion_builder_column_1_5 1_5 fusion-flex-column\" style=\"--awb-padding-top:10px;--awb-padding-right:80px;--awb-bg-position:right bottom;--awb-bg-size:cover;--awb-width-large:20%;--awb-margin-top-large:0px;--awb-spacing-right-large:0px;--awb-margin-bottom-large:20px;--awb-spacing-left-large:0px;--awb-width-medium:100%;--awb-order-medium:0;--awb-spacing-right-medium:0px;--awb-margin-bottom-medium:0px;--awb-spacing-left-medium:0px;--awb-width-small:100%;--awb-order-small:0;--awb-spacing-right-small:0px;--awb-spacing-left-small:0px;\" data-scroll-devices=\"small-visibility,medium-visibility,large-visibility\"><div class=\"fusion-column-wrapper fusion-column-has-shadow fusion-flex-justify-content-flex-start fusion-content-layout-column\"><div class=\"fusion-image-element \" style=\"--awb-caption-title-font-family:var(--h2_typography-font-family);--awb-caption-title-font-weight:var(--h2_typography-font-weight);--awb-caption-title-font-style:var(--h2_typography-font-style);--awb-caption-title-size:var(--h2_typography-font-size);--awb-caption-title-transform:var(--h2_typography-text-transform);--awb-caption-title-line-height:var(--h2_typography-line-height);--awb-caption-title-letter-spacing:var(--h2_typography-letter-spacing);\"><span class=\" fusion-imageframe imageframe-none imageframe-6 hover-type-none lgsimg\"><img decoding=\"async\" width=\"300\" height=\"300\" title=\"Holle-Ausmeyer\" src=\"https:\/\/lehndorff-gesellschaft-steinort.com\/wp-content\/uploads\/2023\/09\/Holle-Ausmeyer-300x300.jpg\" alt class=\"img-responsive wp-image-3017\" srcset=\"https:\/\/lehndorff-gesellschaft-steinort.com\/wp-content\/uploads\/2023\/09\/Holle-Ausmeyer-200x200.jpg 200w, https:\/\/lehndorff-gesellschaft-steinort.com\/wp-content\/uploads\/2023\/09\/Holle-Ausmeyer-400x400.jpg 400w, https:\/\/lehndorff-gesellschaft-steinort.com\/wp-content\/uploads\/2023\/09\/Holle-Ausmeyer-600x600.jpg 600w, https:\/\/lehndorff-gesellschaft-steinort.com\/wp-content\/uploads\/2023\/09\/Holle-Ausmeyer-800x800.jpg 800w, https:\/\/lehndorff-gesellschaft-steinort.com\/wp-content\/uploads\/2023\/09\/Holle-Ausmeyer-1200x1200.jpg 1200w, https:\/\/lehndorff-gesellschaft-steinort.com\/wp-content\/uploads\/2023\/09\/Holle-Ausmeyer.jpg 1800w\" sizes=\"(max-width: 1024px) 100vw, (max-width: 640px) 100vw, 200px\" \/><\/span><\/div><\/div><\/div><div class=\"fusion-layout-column fusion_builder_column fusion-builder-column-12 fusion_builder_column_4_5 4_5 fusion-flex-column\" style=\"--awb-padding-right:80px;--awb-bg-position:right bottom;--awb-bg-size:cover;--awb-width-large:80%;--awb-margin-top-large:0px;--awb-spacing-right-large:0px;--awb-margin-bottom-large:20px;--awb-spacing-left-large:0px;--awb-width-medium:100%;--awb-order-medium:0;--awb-spacing-right-medium:0px;--awb-margin-bottom-medium:0px;--awb-spacing-left-medium:0px;--awb-width-small:100%;--awb-order-small:0;--awb-spacing-right-small:0px;--awb-spacing-left-small:0px;\"><div class=\"fusion-column-wrapper fusion-column-has-shadow fusion-flex-justify-content-flex-start fusion-content-layout-column\"><div class=\"fusion-text fusion-text-7\" style=\"--awb-text-transform:none;\"><p><strong>Holle Ausmeyer, rocznik 1962, urodzona w Hannowerze, historyczka, zajmuj\u0105ca si\u0119 fundraising in instytucjach kultury.<\/strong><br \/>\nOd 2008 roku pracuje jako freelancerka, zajmuj\u0105c si\u0119 m.in. doradztwem przy organizacji jubileuszu B\u00fcrgerstiftung Berlin w Akademii Sztuk Pi\u0119knych w 2009 roku. W latach 1999\u20132004 pe\u0142ni\u0142a funkcj\u0119 honorowej ambasadorki Berlina. Dzi\u0119ki Karin D\u00f6nhoff od pocz\u0105tku 2019 roku zaanga\u017cowana w dzia\u0142alno\u015b\u0107 Towarzystwa LGS.<\/p>\n<\/div><\/div><\/div><\/div><\/div><div class=\"fusion-fullwidth fullwidth-box fusion-builder-row-8 fusion-flex-container has-pattern-background has-mask-background nonhundred-percent-fullwidth non-hundred-percent-height-scrolling\" style=\"--awb-background-position:left top;--awb-border-sizes-top:0px;--awb-border-sizes-bottom:0px;--awb-border-sizes-left:0px;--awb-border-sizes-right:0px;--awb-border-radius-top-left:0px;--awb-border-radius-top-right:0px;--awb-border-radius-bottom-right:0px;--awb-border-radius-bottom-left:0px;--awb-padding-top:10px;--awb-padding-bottom:0px;--awb-margin-bottom:0px;--awb-flex-wrap:wrap;\" ><div class=\"fusion-builder-row fusion-row fusion-flex-align-items-stretch fusion-flex-content-wrap\" style=\"max-width:calc( 1170px + 0px );margin-left: calc(-0px \/ 2 );margin-right: calc(-0px \/ 2 );\"><div class=\"fusion-layout-column fusion_builder_column fusion-builder-column-13 fusion_builder_column_1_5 1_5 fusion-flex-column\" style=\"--awb-padding-top:10px;--awb-padding-right:80px;--awb-bg-position:right bottom;--awb-bg-size:cover;--awb-width-large:20%;--awb-margin-top-large:0px;--awb-spacing-right-large:0px;--awb-margin-bottom-large:20px;--awb-spacing-left-large:0px;--awb-width-medium:100%;--awb-order-medium:0;--awb-spacing-right-medium:0px;--awb-margin-bottom-medium:0px;--awb-spacing-left-medium:0px;--awb-width-small:100%;--awb-order-small:0;--awb-spacing-right-small:0px;--awb-spacing-left-small:0px;\" data-scroll-devices=\"small-visibility,medium-visibility,large-visibility\"><div class=\"fusion-column-wrapper fusion-column-has-shadow fusion-flex-justify-content-flex-start fusion-content-layout-column\"><div class=\"fusion-image-element \" style=\"--awb-caption-title-font-family:var(--h2_typography-font-family);--awb-caption-title-font-weight:var(--h2_typography-font-weight);--awb-caption-title-font-style:var(--h2_typography-font-style);--awb-caption-title-size:var(--h2_typography-font-size);--awb-caption-title-transform:var(--h2_typography-text-transform);--awb-caption-title-line-height:var(--h2_typography-line-height);--awb-caption-title-letter-spacing:var(--h2_typography-letter-spacing);\"><span class=\" fusion-imageframe imageframe-none imageframe-7 hover-type-none lgsimg\"><img decoding=\"async\" width=\"300\" height=\"300\" title=\"Georg-von-Gayl\" src=\"https:\/\/lehndorff-gesellschaft-steinort.com\/wp-content\/uploads\/2023\/09\/Georg-von-Gayl-300x300.jpg\" alt class=\"img-responsive wp-image-3016\" srcset=\"https:\/\/lehndorff-gesellschaft-steinort.com\/wp-content\/uploads\/2023\/09\/Georg-von-Gayl-200x200.jpg 200w, https:\/\/lehndorff-gesellschaft-steinort.com\/wp-content\/uploads\/2023\/09\/Georg-von-Gayl-400x400.jpg 400w, https:\/\/lehndorff-gesellschaft-steinort.com\/wp-content\/uploads\/2023\/09\/Georg-von-Gayl-600x600.jpg 600w, https:\/\/lehndorff-gesellschaft-steinort.com\/wp-content\/uploads\/2023\/09\/Georg-von-Gayl-800x800.jpg 800w, https:\/\/lehndorff-gesellschaft-steinort.com\/wp-content\/uploads\/2023\/09\/Georg-von-Gayl-1200x1200.jpg 1200w, https:\/\/lehndorff-gesellschaft-steinort.com\/wp-content\/uploads\/2023\/09\/Georg-von-Gayl.jpg 1800w\" sizes=\"(max-width: 1024px) 100vw, (max-width: 640px) 100vw, 200px\" \/><\/span><\/div><\/div><\/div><div class=\"fusion-layout-column fusion_builder_column fusion-builder-column-14 fusion_builder_column_4_5 4_5 fusion-flex-column\" style=\"--awb-padding-right:80px;--awb-bg-position:right bottom;--awb-bg-size:cover;--awb-width-large:80%;--awb-margin-top-large:0px;--awb-spacing-right-large:0px;--awb-margin-bottom-large:20px;--awb-spacing-left-large:0px;--awb-width-medium:100%;--awb-order-medium:0;--awb-spacing-right-medium:0px;--awb-margin-bottom-medium:0px;--awb-spacing-left-medium:0px;--awb-width-small:100%;--awb-order-small:0;--awb-spacing-right-small:0px;--awb-spacing-left-small:0px;\"><div class=\"fusion-column-wrapper fusion-column-has-shadow fusion-flex-justify-content-flex-start fusion-content-layout-column\"><div class=\"fusion-text fusion-text-8\" style=\"--awb-text-transform:none;\"><p><strong>Georg von Gayl, Berlin, architektura krajobrazu, parki historyczne, cz\u0142onek zarz\u0105du <\/strong>ur. w 1963 w Lubece; in\u017cynier, architekt krajobrazu, wsp\u00f3\u0142w\u0142a\u015bciciel firmy Georg v. Gayl &#8211; Landschaftsarchitekten Planungsges. GmbH w Berlinie, . Od 2011 roku pe\u0142ni funkcj\u0119 przewodnicz\u0105cego lub cz\u0142onka zarz\u0105du Niemieckiego Towarzystwa Sztuki Ogrodowej i Kultury Krajobrazu (DGGL) w kraju zwi\u0105zkowym Berlin-Brandenburg. Realizowa\u0142 r\u00f3\u017cne projekty z zakresu konserwacji zabytk\u00f3w w Brandenburgii, a po raz pierwszy odwiedzi\u0142 Sztynort w 2019 roku.<\/p>\n<\/div><\/div><\/div><\/div><\/div><div class=\"fusion-fullwidth fullwidth-box fusion-builder-row-9 fusion-flex-container has-pattern-background has-mask-background nonhundred-percent-fullwidth non-hundred-percent-height-scrolling\" style=\"--awb-background-position:left top;--awb-border-sizes-top:0px;--awb-border-sizes-bottom:0px;--awb-border-sizes-left:0px;--awb-border-sizes-right:0px;--awb-border-radius-top-left:0px;--awb-border-radius-top-right:0px;--awb-border-radius-bottom-right:0px;--awb-border-radius-bottom-left:0px;--awb-padding-top:10px;--awb-padding-bottom:0px;--awb-margin-bottom:0px;--awb-flex-wrap:wrap;\" ><div class=\"fusion-builder-row fusion-row fusion-flex-align-items-stretch fusion-flex-content-wrap\" style=\"max-width:calc( 1170px + 0px );margin-left: calc(-0px \/ 2 );margin-right: calc(-0px \/ 2 );\"><div class=\"fusion-layout-column fusion_builder_column fusion-builder-column-15 fusion_builder_column_1_5 1_5 fusion-flex-column\" style=\"--awb-padding-top:10px;--awb-padding-right:80px;--awb-bg-position:right bottom;--awb-bg-size:cover;--awb-width-large:20%;--awb-margin-top-large:0px;--awb-spacing-right-large:0px;--awb-margin-bottom-large:20px;--awb-spacing-left-large:0px;--awb-width-medium:100%;--awb-order-medium:0;--awb-spacing-right-medium:0px;--awb-margin-bottom-medium:0px;--awb-spacing-left-medium:0px;--awb-width-small:100%;--awb-order-small:0;--awb-spacing-right-small:0px;--awb-spacing-left-small:0px;\" data-scroll-devices=\"small-visibility,medium-visibility,large-visibility\"><div class=\"fusion-column-wrapper fusion-column-has-shadow fusion-flex-justify-content-flex-start fusion-content-layout-column\"><div class=\"fusion-image-element \" style=\"--awb-caption-title-font-family:var(--h2_typography-font-family);--awb-caption-title-font-weight:var(--h2_typography-font-weight);--awb-caption-title-font-style:var(--h2_typography-font-style);--awb-caption-title-size:var(--h2_typography-font-size);--awb-caption-title-transform:var(--h2_typography-text-transform);--awb-caption-title-line-height:var(--h2_typography-line-height);--awb-caption-title-letter-spacing:var(--h2_typography-letter-spacing);\"><span class=\" fusion-imageframe imageframe-none imageframe-8 hover-type-none lgsimg\"><img decoding=\"async\" width=\"225\" height=\"300\" title=\"PHOTO\" src=\"https:\/\/lehndorff-gesellschaft-steinort.com\/wp-content\/uploads\/2025\/04\/PHOTO-225x300.jpeg\" alt class=\"img-responsive wp-image-3259\" srcset=\"https:\/\/lehndorff-gesellschaft-steinort.com\/wp-content\/uploads\/2025\/04\/PHOTO-200x266.jpeg 200w, https:\/\/lehndorff-gesellschaft-steinort.com\/wp-content\/uploads\/2025\/04\/PHOTO-400x532.jpeg 400w, https:\/\/lehndorff-gesellschaft-steinort.com\/wp-content\/uploads\/2025\/04\/PHOTO-600x799.jpeg 600w, https:\/\/lehndorff-gesellschaft-steinort.com\/wp-content\/uploads\/2025\/04\/PHOTO-800x1065.jpeg 800w, https:\/\/lehndorff-gesellschaft-steinort.com\/wp-content\/uploads\/2025\/04\/PHOTO-1200x1597.jpeg 1200w\" sizes=\"(max-width: 1024px) 100vw, (max-width: 640px) 100vw, 200px\" \/><\/span><\/div><\/div><\/div><div class=\"fusion-layout-column fusion_builder_column fusion-builder-column-16 fusion_builder_column_4_5 4_5 fusion-flex-column\" style=\"--awb-padding-right:80px;--awb-bg-position:right bottom;--awb-bg-size:cover;--awb-width-large:80%;--awb-margin-top-large:0px;--awb-spacing-right-large:0px;--awb-margin-bottom-large:20px;--awb-spacing-left-large:0px;--awb-width-medium:100%;--awb-order-medium:0;--awb-spacing-right-medium:0px;--awb-margin-bottom-medium:0px;--awb-spacing-left-medium:0px;--awb-width-small:100%;--awb-order-small:0;--awb-spacing-right-small:0px;--awb-spacing-left-small:0px;\"><div class=\"fusion-column-wrapper fusion-column-has-shadow fusion-flex-justify-content-flex-start fusion-content-layout-column\"><div class=\"fusion-text fusion-text-9\" style=\"--awb-text-transform:none;\"><p class=\"p1\"><b>Dr. Anna Dami\u0119cka-W\u00f3jcik<\/b>, <strong>Warsczawa, cz\u0142onkini zarz\u0105du, germanistka<\/strong>. Po wieloletniej dzia\u0142alno\u015bci jako dziennikarka, w tym redaktorka naczelna i mened\u017cerka marketingu w mediach wesz\u0142a na zawodow\u0105 \u015bcie\u017ck\u0119 akademick\u0105. Od 2022 r. jest adiunktk\u0105 w Instytucie Germanistyki Uniwersytetu Warszawskiego,  <span class=\"Apple-converted-space\"> <\/span>gdzie zajmuje si\u0119 memory studies i kulturami migracji. Bie\u017c\u0105ce projekty badawcze: <i>Historie rodzin mazurskich w Nemczech i w Polsce<\/i> (dzi\u0119ki stypendium DAAD) oraz <i>Dzia\u0142alno\u015b\u0107 hr. Stanis\u0142awa Sierakowskiego<\/i> (dzi\u0119ki stypendium Instytutu Pileckiego w Berlinie). W swojej pracy akademickiej i naukowej anga\u017cuje si\u0119 polsko-niemieckie zbli\u017cenie i pojednanie. Uczestniczy w projekcie Sztynort od 2020.    <\/p>\n<\/div><\/div><\/div><\/div><\/div><div class=\"fusion-fullwidth fullwidth-box fusion-builder-row-10 fusion-flex-container has-pattern-background has-mask-background nonhundred-percent-fullwidth non-hundred-percent-height-scrolling\" style=\"--awb-background-position:left top;--awb-border-sizes-top:0px;--awb-border-sizes-bottom:0px;--awb-border-sizes-left:0px;--awb-border-sizes-right:0px;--awb-border-radius-top-left:0px;--awb-border-radius-top-right:0px;--awb-border-radius-bottom-right:0px;--awb-border-radius-bottom-left:0px;--awb-padding-top:10px;--awb-padding-bottom:0px;--awb-margin-bottom:0px;--awb-flex-wrap:wrap;\" ><div class=\"fusion-builder-row fusion-row fusion-flex-align-items-stretch fusion-flex-content-wrap\" style=\"max-width:calc( 1170px + 0px );margin-left: calc(-0px \/ 2 );margin-right: calc(-0px \/ 2 );\"><div class=\"fusion-layout-column fusion_builder_column fusion-builder-column-17 fusion_builder_column_1_5 1_5 fusion-flex-column\" style=\"--awb-padding-right:80px;--awb-bg-position:right bottom;--awb-bg-size:cover;--awb-width-large:20%;--awb-margin-top-large:0px;--awb-spacing-right-large:0px;--awb-margin-bottom-large:20px;--awb-spacing-left-large:0px;--awb-width-medium:100%;--awb-order-medium:0;--awb-spacing-right-medium:0px;--awb-margin-bottom-medium:0px;--awb-spacing-left-medium:0px;--awb-width-small:100%;--awb-order-small:0;--awb-spacing-right-small:0px;--awb-spacing-left-small:0px;\" data-scroll-devices=\"small-visibility,medium-visibility,large-visibility\"><div class=\"fusion-column-wrapper fusion-column-has-shadow fusion-flex-justify-content-flex-start fusion-content-layout-column\"><\/div><\/div><div class=\"fusion-layout-column fusion_builder_column fusion-builder-column-18 fusion_builder_column_4_5 4_5 fusion-flex-column\" style=\"--awb-padding-right:80px;--awb-bg-position:right bottom;--awb-bg-size:cover;--awb-width-large:80%;--awb-margin-top-large:0px;--awb-spacing-right-large:0px;--awb-margin-bottom-large:20px;--awb-spacing-left-large:0px;--awb-width-medium:100%;--awb-order-medium:0;--awb-spacing-right-medium:0px;--awb-margin-bottom-medium:0px;--awb-spacing-left-medium:0px;--awb-width-small:100%;--awb-order-small:0;--awb-spacing-right-small:0px;--awb-spacing-left-small:0px;\"><div class=\"fusion-column-wrapper fusion-column-has-shadow fusion-flex-justify-content-flex-start fusion-content-layout-column\"><div class=\"fusion-text fusion-text-10\" style=\"--awb-text-transform:none;\"><p><strong>Wsp\u00f3\u0142praca doradcza:<\/strong><\/p>\n<p>&#8211; dr Hannah Wadle, Pozna\u0144, Art Director festiwalu STN:ORT<br \/>\n&#8211; Friedrich von der Groeben, Senior Counsellor<\/p>\n<\/div><div class=\"fusion-text fusion-text-11\" style=\"--awb-text-transform:none;\"><p><strong>Cz\u0142onkowie honorowi: <\/strong><\/p>\n<p>&#8211; Vera Gr\u00e4fin Lehndorff<br \/>\n&#8211; Gabriele Freifrau von Plotho<br \/>\n&#8211; Catharina Kappelhoff-Wulff<br \/>\n&#8211; Karin Gr\u00e4fin D\u00f6nhoff<br \/>\n&#8211; Dirk von Haeften<br \/>\n&#8211; Verus von Plotho<br \/>\n&#8211; Christopher Kappelhoff-Wulff<\/p>\n<\/div><\/div><\/div><\/div><\/div><div class=\"fusion-fullwidth fullwidth-box fusion-builder-row-11 fusion-flex-container has-pattern-background has-mask-background nonhundred-percent-fullwidth non-hundred-percent-height-scrolling\" style=\"--awb-border-radius-top-left:0px;--awb-border-radius-top-right:0px;--awb-border-radius-bottom-right:0px;--awb-border-radius-bottom-left:0px;--awb-padding-top:50px;--awb-flex-wrap:wrap;\" ><div class=\"fusion-builder-row fusion-row fusion-flex-align-items-stretch fusion-flex-content-wrap\" style=\"max-width:calc( 1170px + 30px );margin-left: calc(-30px \/ 2 );margin-right: calc(-30px \/ 2 );\"><div class=\"fusion-layout-column fusion_builder_column fusion-builder-column-19 fusion_builder_column_3_5 3_5 fusion-flex-column\" style=\"--awb-bg-size:cover;--awb-width-large:60%;--awb-margin-top-large:0px;--awb-spacing-right-large:15px;--awb-margin-bottom-large:20px;--awb-spacing-left-large:15px;--awb-width-medium:100%;--awb-order-medium:0;--awb-spacing-right-medium:15px;--awb-spacing-left-medium:15px;--awb-width-small:100%;--awb-order-small:0;--awb-spacing-right-small:15px;--awb-spacing-left-small:15px;\" data-scroll-devices=\"small-visibility,medium-visibility,large-visibility\"><div class=\"fusion-column-wrapper fusion-column-has-shadow fusion-flex-justify-content-space-between fusion-content-layout-column\"><div class=\"fusion-text fusion-text-12\"><p>Do Towarzystwa Sztynorckiego im. Lehndorff\u00f3w nale\u017cy obecnie oko\u0142o 70 os\u00f3b. Towarzystwo Sztynorckie im. Lehndorff\u00f3w dzia\u0142a w powi\u0105zaniu z rozleg\u0142\u0105 sieci\u0105 instytucji, organizacji oraz ekspert\u00f3w z Niemiec, Polski i ca\u0142ej Europy. Jako partnerzy wsp\u00f3\u0142pracuj\u0105 z nami fundacje, stowarzyszenia, towarzystwa, instytucje rz\u0105dowe i regionalne oraz liczne osoby prywatne.<\/p>\n<\/div><div class=\"fusion-text fusion-text-13 fusion-animated bgblau textoverlap realwidth\" style=\"--awb-font-size:20px;--awb-text-color:var(--awb-color1);\" data-animationType=\"zoomInUp\" data-animationDuration=\"1.0\" data-animationOffset=\"top-mid-of-view\"><p>Pom\u00f3\u017c nam i zosta\u0144 cz\u0119\u015bci\u0105 projektu Sztynort!<\/p>\n<p>Witamy serdecznie w Sztynorcie!<\/p>\n<\/div><\/div><\/div><div class=\"fusion-layout-column fusion_builder_column fusion-builder-column-20 fusion_builder_column_2_5 2_5 fusion-flex-column verticalclip\" style=\"--awb-padding-top:30px;--awb-padding-right:50px;--awb-padding-bottom:30px;--awb-padding-left:50px;--awb-bg-color:var(--gold);--awb-bg-color-hover:var(--gold);--awb-bg-size:cover;--awb-width-large:40%;--awb-margin-top-large:0px;--awb-spacing-right-large:15px;--awb-margin-bottom-large:20px;--awb-spacing-left-large:15px;--awb-width-medium:100%;--awb-order-medium:0;--awb-spacing-right-medium:15px;--awb-spacing-left-medium:15px;--awb-width-small:100%;--awb-order-small:0;--awb-spacing-right-small:15px;--awb-spacing-left-small:15px;\" data-scroll-devices=\"small-visibility,medium-visibility,large-visibility\"><div class=\"fusion-column-wrapper fusion-column-has-shadow fusion-flex-justify-content-center fusion-content-layout-column\"><div class=\"fusion-text fusion-text-14 fusion-text-no-margin\" style=\"--awb-font-size:20px;--awb-text-color:var(--awb-color1);--awb-margin-bottom:50px;\"><p>Zosta\u0144 cz\u0142onkiem Towarzystwa Sztynorckiego im. Lehndorff\u00f3w, aktywnie wspieraj realizacj\u0119 jego cel\u00f3w, zosta\u0144 mecenasem, wolontariuszem i we\u017a udzia\u0142 w Letnim Festiwalu Kultury w Sztynorcie!<\/p>\n<\/div><\/div><\/div><\/div><\/div><div class=\"fusion-fullwidth fullwidth-box fusion-builder-row-12 fusion-flex-container has-pattern-background has-mask-background nonhundred-percent-fullwidth non-hundred-percent-height-scrolling\" style=\"--awb-border-radius-top-left:0px;--awb-border-radius-top-right:0px;--awb-border-radius-bottom-right:0px;--awb-border-radius-bottom-left:0px;--awb-flex-wrap:wrap;\" ><div class=\"fusion-builder-row fusion-row fusion-flex-align-items-flex-start fusion-flex-content-wrap\" style=\"max-width:1216.8px;margin-left: calc(-4% \/ 2 );margin-right: calc(-4% \/ 2 );\"><div class=\"fusion-layout-column fusion_builder_column fusion-builder-column-21 fusion_builder_column_1_1 1_1 fusion-flex-column\" style=\"--awb-bg-size:cover;--awb-width-large:100%;--awb-margin-top-large:0px;--awb-spacing-right-large:1.92%;--awb-margin-bottom-large:20px;--awb-spacing-left-large:1.92%;--awb-width-medium:100%;--awb-order-medium:0;--awb-spacing-right-medium:1.92%;--awb-spacing-left-medium:1.92%;--awb-width-small:100%;--awb-order-small:0;--awb-spacing-right-small:1.92%;--awb-spacing-left-small:1.92%;\"><div class=\"fusion-column-wrapper fusion-column-has-shadow fusion-flex-justify-content-flex-start fusion-content-layout-column\"><div class=\"awb-gallery-wrapper awb-gallery-wrapper-1 button-span-no\" style=\"--more-btn-alignment:center;\"><div style=\"margin:-10px;--awb-bordersize:0px;--awb-columns-medium:100%;--awb-columns-small:100%;\" class=\"fusion-gallery fusion-gallery-container fusion-grid-3 fusion-columns-total-9 fusion-gallery-layout-grid fusion-gallery-1\"><div style=\"padding:10px;\" class=\"fusion-grid-column fusion-gallery-column fusion-gallery-column-3 hover-type-none\"><div class=\"fusion-gallery-image\"><a href=\"https:\/\/lehndorff-gesellschaft-steinort.com\/wp-content\/uploads\/2023\/09\/Gallerie-Gesellschaft_1.jpg\" data-title=\"20. Juli 2023 in Steinort am Gedenkstein Heinrich Graf von Lehndorff\" title=\"20. Juli 2023 in Steinort am Gedenkstein Heinrich Graf von Lehndorff\" rel=\"noreferrer\" data-rel=\"iLightbox[gallery_image_1]\" class=\"fusion-lightbox\" target=\"_self\"><img decoding=\"async\" src=\"https:\/\/lehndorff-gesellschaft-steinort.com\/wp-content\/uploads\/2023\/09\/Gallerie-Gesellschaft_1.jpg\" width=\"1800\" height=\"1800\" alt=\"\" title=\"20. Juli 2023 in Steinort am Gedenkstein Heinrich Graf von Lehndorff\" aria-label=\"20. Juli 2023 in Steinort am Gedenkstein Heinrich Graf von Lehndorff\" class=\"img-responsive wp-image-2580\" srcset=\"https:\/\/lehndorff-gesellschaft-steinort.com\/wp-content\/uploads\/2023\/09\/Gallerie-Gesellschaft_1-200x200.jpg 200w, https:\/\/lehndorff-gesellschaft-steinort.com\/wp-content\/uploads\/2023\/09\/Gallerie-Gesellschaft_1-400x400.jpg 400w, https:\/\/lehndorff-gesellschaft-steinort.com\/wp-content\/uploads\/2023\/09\/Gallerie-Gesellschaft_1-600x600.jpg 600w, https:\/\/lehndorff-gesellschaft-steinort.com\/wp-content\/uploads\/2023\/09\/Gallerie-Gesellschaft_1-800x800.jpg 800w, https:\/\/lehndorff-gesellschaft-steinort.com\/wp-content\/uploads\/2023\/09\/Gallerie-Gesellschaft_1-1200x1200.jpg 1200w, https:\/\/lehndorff-gesellschaft-steinort.com\/wp-content\/uploads\/2023\/09\/Gallerie-Gesellschaft_1.jpg 1800w\" sizes=\"(min-width: 2200px) 100vw, (min-width: 1129px) 383px, (min-width: 1037px) 575px, (min-width: 945px) 1037px, \" \/><\/a><\/div><\/div><div style=\"padding:10px;\" class=\"fusion-grid-column fusion-gallery-column fusion-gallery-column-3 hover-type-none\"><div class=\"fusion-gallery-image\"><a href=\"https:\/\/lehndorff-gesellschaft-steinort.com\/wp-content\/uploads\/2023\/09\/Gallerie-Gesellschaft_2.jpg\" data-title=\"Konzert im Foyer des Schlosses, Festival 2019, Yegor Zabelov, Minsk\" title=\"Konzert im Foyer des Schlosses, Festival 2019, Yegor Zabelov, Minsk\" rel=\"noreferrer\" data-rel=\"iLightbox[gallery_image_1]\" class=\"fusion-lightbox\" target=\"_self\"><img decoding=\"async\" src=\"https:\/\/lehndorff-gesellschaft-steinort.com\/wp-content\/uploads\/2023\/09\/Gallerie-Gesellschaft_2.jpg\" width=\"1800\" height=\"1800\" alt=\"\" title=\"Konzert im Foyer des Schlosses, Festival 2019, Yegor Zabelov, Minsk\" aria-label=\"Konzert im Foyer des Schlosses, Festival 2019, Yegor Zabelov, Minsk\" class=\"img-responsive wp-image-2581\" srcset=\"https:\/\/lehndorff-gesellschaft-steinort.com\/wp-content\/uploads\/2023\/09\/Gallerie-Gesellschaft_2-200x200.jpg 200w, https:\/\/lehndorff-gesellschaft-steinort.com\/wp-content\/uploads\/2023\/09\/Gallerie-Gesellschaft_2-400x400.jpg 400w, https:\/\/lehndorff-gesellschaft-steinort.com\/wp-content\/uploads\/2023\/09\/Gallerie-Gesellschaft_2-600x600.jpg 600w, https:\/\/lehndorff-gesellschaft-steinort.com\/wp-content\/uploads\/2023\/09\/Gallerie-Gesellschaft_2-800x800.jpg 800w, https:\/\/lehndorff-gesellschaft-steinort.com\/wp-content\/uploads\/2023\/09\/Gallerie-Gesellschaft_2-1200x1200.jpg 1200w, https:\/\/lehndorff-gesellschaft-steinort.com\/wp-content\/uploads\/2023\/09\/Gallerie-Gesellschaft_2.jpg 1800w\" sizes=\"(min-width: 2200px) 100vw, (min-width: 1129px) 383px, (min-width: 1037px) 575px, (min-width: 945px) 1037px, \" \/><\/a><\/div><\/div><div style=\"padding:10px;\" class=\"fusion-grid-column fusion-gallery-column fusion-gallery-column-3 hover-type-none\"><div class=\"fusion-gallery-image\"><a href=\"https:\/\/lehndorff-gesellschaft-steinort.com\/wp-content\/uploads\/2023\/09\/Gallerie-Gesellschaft_3.jpg\" data-title=\"Vorbereitungen zum Konzert\" title=\"Vorbereitungen zum Konzert\" rel=\"noreferrer\" data-rel=\"iLightbox[gallery_image_1]\" class=\"fusion-lightbox\" target=\"_self\"><img decoding=\"async\" src=\"https:\/\/lehndorff-gesellschaft-steinort.com\/wp-content\/uploads\/2023\/09\/Gallerie-Gesellschaft_3.jpg\" width=\"1800\" height=\"1800\" alt=\"\" title=\"Vorbereitungen zum Konzert\" aria-label=\"Vorbereitungen zum Konzert\" class=\"img-responsive wp-image-2582\" srcset=\"https:\/\/lehndorff-gesellschaft-steinort.com\/wp-content\/uploads\/2023\/09\/Gallerie-Gesellschaft_3-200x200.jpg 200w, https:\/\/lehndorff-gesellschaft-steinort.com\/wp-content\/uploads\/2023\/09\/Gallerie-Gesellschaft_3-400x400.jpg 400w, https:\/\/lehndorff-gesellschaft-steinort.com\/wp-content\/uploads\/2023\/09\/Gallerie-Gesellschaft_3-600x600.jpg 600w, https:\/\/lehndorff-gesellschaft-steinort.com\/wp-content\/uploads\/2023\/09\/Gallerie-Gesellschaft_3-800x800.jpg 800w, https:\/\/lehndorff-gesellschaft-steinort.com\/wp-content\/uploads\/2023\/09\/Gallerie-Gesellschaft_3-1200x1200.jpg 1200w, https:\/\/lehndorff-gesellschaft-steinort.com\/wp-content\/uploads\/2023\/09\/Gallerie-Gesellschaft_3.jpg 1800w\" sizes=\"(min-width: 2200px) 100vw, (min-width: 1129px) 383px, (min-width: 1037px) 575px, (min-width: 945px) 1037px, \" \/><\/a><\/div><\/div><div class=\"clearfix\"><\/div><div style=\"padding:10px;\" class=\"fusion-grid-column fusion-gallery-column fusion-gallery-column-3 hover-type-none\"><div class=\"fusion-gallery-image\"><a href=\"https:\/\/lehndorff-gesellschaft-steinort.com\/wp-content\/uploads\/2023\/09\/Gallerie-Gesellschaft_4.jpg\" data-title=\"Foyer Schloss Steinort: Festliche Illumination zum Festival 2019\" title=\"Foyer Schloss Steinort: Festliche Illumination zum Festival 2019\" rel=\"noreferrer\" data-rel=\"iLightbox[gallery_image_1]\" class=\"fusion-lightbox\" target=\"_self\"><img decoding=\"async\" src=\"https:\/\/lehndorff-gesellschaft-steinort.com\/wp-content\/uploads\/2023\/09\/Gallerie-Gesellschaft_4.jpg\" width=\"1800\" height=\"1800\" alt=\"\" title=\"Foyer Schloss Steinort: Festliche Illumination zum Festival 2019\" aria-label=\"Foyer Schloss Steinort: Festliche Illumination zum Festival 2019\" class=\"img-responsive wp-image-2583\" srcset=\"https:\/\/lehndorff-gesellschaft-steinort.com\/wp-content\/uploads\/2023\/09\/Gallerie-Gesellschaft_4-200x200.jpg 200w, https:\/\/lehndorff-gesellschaft-steinort.com\/wp-content\/uploads\/2023\/09\/Gallerie-Gesellschaft_4-400x400.jpg 400w, https:\/\/lehndorff-gesellschaft-steinort.com\/wp-content\/uploads\/2023\/09\/Gallerie-Gesellschaft_4-600x600.jpg 600w, https:\/\/lehndorff-gesellschaft-steinort.com\/wp-content\/uploads\/2023\/09\/Gallerie-Gesellschaft_4-800x800.jpg 800w, https:\/\/lehndorff-gesellschaft-steinort.com\/wp-content\/uploads\/2023\/09\/Gallerie-Gesellschaft_4-1200x1200.jpg 1200w, https:\/\/lehndorff-gesellschaft-steinort.com\/wp-content\/uploads\/2023\/09\/Gallerie-Gesellschaft_4.jpg 1800w\" sizes=\"(min-width: 2200px) 100vw, (min-width: 1129px) 383px, (min-width: 1037px) 575px, (min-width: 945px) 1037px, \" \/><\/a><\/div><\/div><div style=\"padding:10px;\" class=\"fusion-grid-column fusion-gallery-column fusion-gallery-column-3 hover-type-none\"><div class=\"fusion-gallery-image\"><a href=\"https:\/\/lehndorff-gesellschaft-steinort.com\/wp-content\/uploads\/2023\/09\/Gallerie-Gesellschaft_5.jpg\" data-title=\"Auf der Wiese vor dem Schloss: vor Konzertbeginn, Festival 2020\" title=\"Auf der Wiese vor dem Schloss: vor Konzertbeginn, Festival 2020\" rel=\"noreferrer\" data-rel=\"iLightbox[gallery_image_1]\" class=\"fusion-lightbox\" target=\"_self\"><img decoding=\"async\" src=\"https:\/\/lehndorff-gesellschaft-steinort.com\/wp-content\/uploads\/2023\/09\/Gallerie-Gesellschaft_5.jpg\" width=\"1800\" height=\"1800\" alt=\"\" title=\"Auf der Wiese vor dem Schloss: vor Konzertbeginn, Festival 2020\" aria-label=\"Auf der Wiese vor dem Schloss: vor Konzertbeginn, Festival 2020\" class=\"img-responsive wp-image-2584\" srcset=\"https:\/\/lehndorff-gesellschaft-steinort.com\/wp-content\/uploads\/2023\/09\/Gallerie-Gesellschaft_5-200x200.jpg 200w, https:\/\/lehndorff-gesellschaft-steinort.com\/wp-content\/uploads\/2023\/09\/Gallerie-Gesellschaft_5-400x400.jpg 400w, https:\/\/lehndorff-gesellschaft-steinort.com\/wp-content\/uploads\/2023\/09\/Gallerie-Gesellschaft_5-600x600.jpg 600w, https:\/\/lehndorff-gesellschaft-steinort.com\/wp-content\/uploads\/2023\/09\/Gallerie-Gesellschaft_5-800x800.jpg 800w, https:\/\/lehndorff-gesellschaft-steinort.com\/wp-content\/uploads\/2023\/09\/Gallerie-Gesellschaft_5-1200x1200.jpg 1200w, https:\/\/lehndorff-gesellschaft-steinort.com\/wp-content\/uploads\/2023\/09\/Gallerie-Gesellschaft_5.jpg 1800w\" sizes=\"(min-width: 2200px) 100vw, (min-width: 1129px) 383px, (min-width: 1037px) 575px, (min-width: 945px) 1037px, \" \/><\/a><\/div><\/div><div style=\"padding:10px;\" class=\"fusion-grid-column fusion-gallery-column fusion-gallery-column-3 hover-type-none\"><div class=\"fusion-gallery-image\"><a href=\"https:\/\/lehndorff-gesellschaft-steinort.com\/wp-content\/uploads\/2023\/09\/Gallerie-Gesellschaft_6.jpg\" data-title=\"Das Sommerprogramm auf einen Blick\" title=\"Das Sommerprogramm auf einen Blick\" rel=\"noreferrer\" data-rel=\"iLightbox[gallery_image_1]\" class=\"fusion-lightbox\" target=\"_self\"><img decoding=\"async\" src=\"https:\/\/lehndorff-gesellschaft-steinort.com\/wp-content\/uploads\/2023\/09\/Gallerie-Gesellschaft_6.jpg\" width=\"1800\" height=\"1800\" alt=\"\" title=\"Das Sommerprogramm auf einen Blick\" aria-label=\"Das Sommerprogramm auf einen Blick\" class=\"img-responsive wp-image-2585\" srcset=\"https:\/\/lehndorff-gesellschaft-steinort.com\/wp-content\/uploads\/2023\/09\/Gallerie-Gesellschaft_6-200x200.jpg 200w, https:\/\/lehndorff-gesellschaft-steinort.com\/wp-content\/uploads\/2023\/09\/Gallerie-Gesellschaft_6-400x400.jpg 400w, https:\/\/lehndorff-gesellschaft-steinort.com\/wp-content\/uploads\/2023\/09\/Gallerie-Gesellschaft_6-600x600.jpg 600w, https:\/\/lehndorff-gesellschaft-steinort.com\/wp-content\/uploads\/2023\/09\/Gallerie-Gesellschaft_6-800x800.jpg 800w, https:\/\/lehndorff-gesellschaft-steinort.com\/wp-content\/uploads\/2023\/09\/Gallerie-Gesellschaft_6-1200x1200.jpg 1200w, https:\/\/lehndorff-gesellschaft-steinort.com\/wp-content\/uploads\/2023\/09\/Gallerie-Gesellschaft_6.jpg 1800w\" sizes=\"(min-width: 2200px) 100vw, (min-width: 1129px) 383px, (min-width: 1037px) 575px, (min-width: 945px) 1037px, \" \/><\/a><\/div><\/div><div class=\"clearfix\"><\/div><div style=\"padding:10px;\" class=\"fusion-grid-column fusion-gallery-column fusion-gallery-column-3 hover-type-none\"><div class=\"fusion-gallery-image\"><a href=\"https:\/\/lehndorff-gesellschaft-steinort.com\/wp-content\/uploads\/2023\/09\/Gallerie-Gesellschaft_7.jpg\" data-title=\"Ank\u00fcndigungsposter\" title=\"Ank\u00fcndigungsposter\" rel=\"noreferrer\" data-rel=\"iLightbox[gallery_image_1]\" class=\"fusion-lightbox\" target=\"_self\"><img decoding=\"async\" src=\"https:\/\/lehndorff-gesellschaft-steinort.com\/wp-content\/uploads\/2023\/09\/Gallerie-Gesellschaft_7.jpg\" width=\"1800\" height=\"1800\" alt=\"\" title=\"Ank\u00fcndigungsposter\" aria-label=\"Ank\u00fcndigungsposter\" class=\"img-responsive wp-image-2586\" srcset=\"https:\/\/lehndorff-gesellschaft-steinort.com\/wp-content\/uploads\/2023\/09\/Gallerie-Gesellschaft_7-200x200.jpg 200w, https:\/\/lehndorff-gesellschaft-steinort.com\/wp-content\/uploads\/2023\/09\/Gallerie-Gesellschaft_7-400x400.jpg 400w, https:\/\/lehndorff-gesellschaft-steinort.com\/wp-content\/uploads\/2023\/09\/Gallerie-Gesellschaft_7-600x600.jpg 600w, https:\/\/lehndorff-gesellschaft-steinort.com\/wp-content\/uploads\/2023\/09\/Gallerie-Gesellschaft_7-800x800.jpg 800w, https:\/\/lehndorff-gesellschaft-steinort.com\/wp-content\/uploads\/2023\/09\/Gallerie-Gesellschaft_7-1200x1200.jpg 1200w, https:\/\/lehndorff-gesellschaft-steinort.com\/wp-content\/uploads\/2023\/09\/Gallerie-Gesellschaft_7.jpg 1800w\" sizes=\"(min-width: 2200px) 100vw, (min-width: 1129px) 383px, (min-width: 1037px) 575px, (min-width: 945px) 1037px, \" \/><\/a><\/div><\/div><div style=\"padding:10px;\" class=\"fusion-grid-column fusion-gallery-column fusion-gallery-column-3 hover-type-none\"><div class=\"fusion-gallery-image\"><a href=\"https:\/\/lehndorff-gesellschaft-steinort.com\/wp-content\/uploads\/2023\/09\/Gallerie-Gesellschaft_8.jpg\" data-title=\"Gedenkstein Heinrich Graf von Lehndorff\" title=\"Gedenkstein Heinrich Graf von Lehndorff\" rel=\"noreferrer\" data-rel=\"iLightbox[gallery_image_1]\" class=\"fusion-lightbox\" target=\"_self\"><img decoding=\"async\" src=\"https:\/\/lehndorff-gesellschaft-steinort.com\/wp-content\/uploads\/2023\/09\/Gallerie-Gesellschaft_8.jpg\" width=\"1800\" height=\"1800\" alt=\"\" title=\"Gedenkstein Heinrich Graf von Lehndorff\" aria-label=\"Gedenkstein Heinrich Graf von Lehndorff\" class=\"img-responsive wp-image-2587\" srcset=\"https:\/\/lehndorff-gesellschaft-steinort.com\/wp-content\/uploads\/2023\/09\/Gallerie-Gesellschaft_8-200x200.jpg 200w, https:\/\/lehndorff-gesellschaft-steinort.com\/wp-content\/uploads\/2023\/09\/Gallerie-Gesellschaft_8-400x400.jpg 400w, https:\/\/lehndorff-gesellschaft-steinort.com\/wp-content\/uploads\/2023\/09\/Gallerie-Gesellschaft_8-600x600.jpg 600w, https:\/\/lehndorff-gesellschaft-steinort.com\/wp-content\/uploads\/2023\/09\/Gallerie-Gesellschaft_8-800x800.jpg 800w, https:\/\/lehndorff-gesellschaft-steinort.com\/wp-content\/uploads\/2023\/09\/Gallerie-Gesellschaft_8-1200x1200.jpg 1200w, https:\/\/lehndorff-gesellschaft-steinort.com\/wp-content\/uploads\/2023\/09\/Gallerie-Gesellschaft_8.jpg 1800w\" sizes=\"(min-width: 2200px) 100vw, (min-width: 1129px) 383px, (min-width: 1037px) 575px, (min-width: 945px) 1037px, \" \/><\/a><\/div><\/div><div style=\"padding:10px;\" class=\"fusion-grid-column fusion-gallery-column fusion-gallery-column-3 hover-type-none\"><div class=\"fusion-gallery-image\"><a href=\"https:\/\/lehndorff-gesellschaft-steinort.com\/wp-content\/uploads\/2023\/10\/Gallerie-Gesellschaft_9.jpg\" data-title=\"Vera von Lehndorff bei ihrem Besuch in Steinort nach 1945 (im Jahr 2007). Sie kam zur\u00fcck, entschlossen, dem Haus m\u00fcsse zu neuem Leben verholfen werden. Foto: Kilian Heck\" title=\"Vera von Lehndorff bei ihrem Besuch in Steinort nach 1945 (im Jahr 2007). Sie kam zur\u00fcck, entschlossen, dem Haus m\u00fcsse zu neuem Leben verholfen werden. Foto: Kilian Heck\" rel=\"noreferrer\" data-rel=\"iLightbox[gallery_image_1]\" class=\"fusion-lightbox\" target=\"_self\"><img decoding=\"async\" src=\"https:\/\/lehndorff-gesellschaft-steinort.com\/wp-content\/uploads\/2023\/10\/Gallerie-Gesellschaft_9.jpg\" width=\"1800\" height=\"1800\" alt=\"\" title=\"Vera von Lehndorff  bei ihrem Besuch in Steinort nach 1945 (im Jahr 2007). Sie kam zur\u00fcck, entschlossen, dem Haus m\u00fcsse zu neuem Leben verholfen werden. Foto: Kilian Heck\" aria-label=\"Vera von Lehndorff  bei ihrem Besuch in Steinort nach 1945 (im Jahr 2007). Sie kam zur\u00fcck, entschlossen, dem Haus m\u00fcsse zu neuem Leben verholfen werden. Foto: Kilian Heck\" class=\"img-responsive wp-image-2703\" srcset=\"https:\/\/lehndorff-gesellschaft-steinort.com\/wp-content\/uploads\/2023\/10\/Gallerie-Gesellschaft_9-200x200.jpg 200w, https:\/\/lehndorff-gesellschaft-steinort.com\/wp-content\/uploads\/2023\/10\/Gallerie-Gesellschaft_9-400x400.jpg 400w, https:\/\/lehndorff-gesellschaft-steinort.com\/wp-content\/uploads\/2023\/10\/Gallerie-Gesellschaft_9-600x600.jpg 600w, https:\/\/lehndorff-gesellschaft-steinort.com\/wp-content\/uploads\/2023\/10\/Gallerie-Gesellschaft_9-800x800.jpg 800w, https:\/\/lehndorff-gesellschaft-steinort.com\/wp-content\/uploads\/2023\/10\/Gallerie-Gesellschaft_9-1200x1200.jpg 1200w, https:\/\/lehndorff-gesellschaft-steinort.com\/wp-content\/uploads\/2023\/10\/Gallerie-Gesellschaft_9.jpg 1800w\" sizes=\"(min-width: 2200px) 100vw, (min-width: 1129px) 383px, (min-width: 1037px) 575px, (min-width: 945px) 1037px, \" \/><\/a><\/div><\/div><div class=\"clearfix\"><\/div><\/div><\/div><\/div><\/div><\/div><\/div><\/p>\n","protected":false},"excerpt":{"rendered":"","protected":false},"author":1,"featured_media":0,"parent":0,"menu_order":0,"comment_status":"closed","ping_status":"closed","template":"","meta":{"footnotes":""},"class_list":["post-3071","page","type-page","status-publish","hentry"],"yoast_head":"<!-- This site is optimized with the Yoast SEO plugin v27.1.1 - https:\/\/yoast.com\/product\/yoast-seo-wordpress\/ -->\n<title>Towarzystwo Sztynorckie im. Lehndorff\u00f3w - Lehndorff-Gesellschaft-Steinort<\/title>\n<meta name=\"robots\" content=\"index, follow, max-snippet:-1, max-image-preview:large, max-video-preview:-1\" \/>\n<link rel=\"canonical\" href=\"https:\/\/lehndorff-gesellschaft-steinort.com\/pl\/lehndorff-gesellschaft\/\" \/>\n<meta property=\"og:locale\" content=\"pl_PL\" \/>\n<meta property=\"og:type\" content=\"article\" \/>\n<meta property=\"og:title\" content=\"Towarzystwo Sztynorckie im. Lehndorff\u00f3w - Lehndorff-Gesellschaft-Steinort\" \/>\n<meta property=\"og:url\" content=\"https:\/\/lehndorff-gesellschaft-steinort.com\/pl\/lehndorff-gesellschaft\/\" \/>\n<meta property=\"og:site_name\" content=\"Lehndorff-Gesellschaft-Steinort\" \/>\n<meta property=\"article:modified_time\" content=\"2025-07-29T11:25:22+00:00\" \/>\n<meta name=\"twitter:card\" content=\"summary_large_image\" \/>\n<meta name=\"twitter:label1\" content=\"Szacowany czas czytania\" \/>\n\t<meta name=\"twitter:data1\" content=\"56 minut\" \/>\n<script type=\"application\/ld+json\" class=\"yoast-schema-graph\">{\"@context\":\"https:\/\/schema.org\",\"@graph\":[{\"@type\":\"WebPage\",\"@id\":\"https:\/\/lehndorff-gesellschaft-steinort.com\/pl\/lehndorff-gesellschaft\/\",\"url\":\"https:\/\/lehndorff-gesellschaft-steinort.com\/pl\/lehndorff-gesellschaft\/\",\"name\":\"Towarzystwo Sztynorckie im. Lehndorff\u00f3w - Lehndorff-Gesellschaft-Steinort\",\"isPartOf\":{\"@id\":\"https:\/\/lehndorff-gesellschaft-steinort.com\/#website\"},\"datePublished\":\"2023-09-04T10:15:51+00:00\",\"dateModified\":\"2025-07-29T11:25:22+00:00\",\"breadcrumb\":{\"@id\":\"https:\/\/lehndorff-gesellschaft-steinort.com\/pl\/lehndorff-gesellschaft\/#breadcrumb\"},\"inLanguage\":\"pl-PL\",\"potentialAction\":[{\"@type\":\"ReadAction\",\"target\":[\"https:\/\/lehndorff-gesellschaft-steinort.com\/pl\/lehndorff-gesellschaft\/\"]}]},{\"@type\":\"BreadcrumbList\",\"@id\":\"https:\/\/lehndorff-gesellschaft-steinort.com\/pl\/lehndorff-gesellschaft\/#breadcrumb\",\"itemListElement\":[{\"@type\":\"ListItem\",\"position\":1,\"name\":\"Startseite\",\"item\":\"https:\/\/lehndorff-gesellschaft-steinort.com\/pl\/startseite\/\"},{\"@type\":\"ListItem\",\"position\":2,\"name\":\"Towarzystwo Sztynorckie im. Lehndorff\u00f3w\"}]},{\"@type\":\"WebSite\",\"@id\":\"https:\/\/lehndorff-gesellschaft-steinort.com\/#website\",\"url\":\"https:\/\/lehndorff-gesellschaft-steinort.com\/\",\"name\":\"Lehndorff-Gesellschaft-Steinort\",\"description\":\"Eine weitere WordPress-Website\",\"potentialAction\":[{\"@type\":\"SearchAction\",\"target\":{\"@type\":\"EntryPoint\",\"urlTemplate\":\"https:\/\/lehndorff-gesellschaft-steinort.com\/?s={search_term_string}\"},\"query-input\":{\"@type\":\"PropertyValueSpecification\",\"valueRequired\":true,\"valueName\":\"search_term_string\"}}],\"inLanguage\":\"pl-PL\"}]}<\/script>\n<!-- \/ Yoast SEO plugin. -->","yoast_head_json":{"title":"Towarzystwo Sztynorckie im. Lehndorff\u00f3w - Lehndorff-Gesellschaft-Steinort","robots":{"index":"index","follow":"follow","max-snippet":"max-snippet:-1","max-image-preview":"max-image-preview:large","max-video-preview":"max-video-preview:-1"},"canonical":"https:\/\/lehndorff-gesellschaft-steinort.com\/pl\/lehndorff-gesellschaft\/","og_locale":"pl_PL","og_type":"article","og_title":"Towarzystwo Sztynorckie im. Lehndorff\u00f3w - Lehndorff-Gesellschaft-Steinort","og_url":"https:\/\/lehndorff-gesellschaft-steinort.com\/pl\/lehndorff-gesellschaft\/","og_site_name":"Lehndorff-Gesellschaft-Steinort","article_modified_time":"2025-07-29T11:25:22+00:00","twitter_card":"summary_large_image","twitter_misc":{"Szacowany czas czytania":"56 minut"},"schema":{"@context":"https:\/\/schema.org","@graph":[{"@type":"WebPage","@id":"https:\/\/lehndorff-gesellschaft-steinort.com\/pl\/lehndorff-gesellschaft\/","url":"https:\/\/lehndorff-gesellschaft-steinort.com\/pl\/lehndorff-gesellschaft\/","name":"Towarzystwo Sztynorckie im. Lehndorff\u00f3w - Lehndorff-Gesellschaft-Steinort","isPartOf":{"@id":"https:\/\/lehndorff-gesellschaft-steinort.com\/#website"},"datePublished":"2023-09-04T10:15:51+00:00","dateModified":"2025-07-29T11:25:22+00:00","breadcrumb":{"@id":"https:\/\/lehndorff-gesellschaft-steinort.com\/pl\/lehndorff-gesellschaft\/#breadcrumb"},"inLanguage":"pl-PL","potentialAction":[{"@type":"ReadAction","target":["https:\/\/lehndorff-gesellschaft-steinort.com\/pl\/lehndorff-gesellschaft\/"]}]},{"@type":"BreadcrumbList","@id":"https:\/\/lehndorff-gesellschaft-steinort.com\/pl\/lehndorff-gesellschaft\/#breadcrumb","itemListElement":[{"@type":"ListItem","position":1,"name":"Startseite","item":"https:\/\/lehndorff-gesellschaft-steinort.com\/pl\/startseite\/"},{"@type":"ListItem","position":2,"name":"Towarzystwo Sztynorckie im. Lehndorff\u00f3w"}]},{"@type":"WebSite","@id":"https:\/\/lehndorff-gesellschaft-steinort.com\/#website","url":"https:\/\/lehndorff-gesellschaft-steinort.com\/","name":"Lehndorff-Gesellschaft-Steinort","description":"Eine weitere WordPress-Website","potentialAction":[{"@type":"SearchAction","target":{"@type":"EntryPoint","urlTemplate":"https:\/\/lehndorff-gesellschaft-steinort.com\/?s={search_term_string}"},"query-input":{"@type":"PropertyValueSpecification","valueRequired":true,"valueName":"search_term_string"}}],"inLanguage":"pl-PL"}]}},"_links":{"self":[{"href":"https:\/\/lehndorff-gesellschaft-steinort.com\/pl\/wp-json\/wp\/v2\/pages\/3071","targetHints":{"allow":["GET"]}}],"collection":[{"href":"https:\/\/lehndorff-gesellschaft-steinort.com\/pl\/wp-json\/wp\/v2\/pages"}],"about":[{"href":"https:\/\/lehndorff-gesellschaft-steinort.com\/pl\/wp-json\/wp\/v2\/types\/page"}],"author":[{"embeddable":true,"href":"https:\/\/lehndorff-gesellschaft-steinort.com\/pl\/wp-json\/wp\/v2\/users\/1"}],"replies":[{"embeddable":true,"href":"https:\/\/lehndorff-gesellschaft-steinort.com\/pl\/wp-json\/wp\/v2\/comments?post=3071"}],"version-history":[{"count":5,"href":"https:\/\/lehndorff-gesellschaft-steinort.com\/pl\/wp-json\/wp\/v2\/pages\/3071\/revisions"}],"predecessor-version":[{"id":3383,"href":"https:\/\/lehndorff-gesellschaft-steinort.com\/pl\/wp-json\/wp\/v2\/pages\/3071\/revisions\/3383"}],"wp:attachment":[{"href":"https:\/\/lehndorff-gesellschaft-steinort.com\/pl\/wp-json\/wp\/v2\/media?parent=3071"}],"curies":[{"name":"wp","href":"https:\/\/api.w.org\/{rel}","templated":true}]}}