{"id":3060,"date":"2021-04-25T12:00:21","date_gmt":"2021-04-25T10:00:21","guid":{"rendered":"https:\/\/lehndorff-gesellschaft-steinort.com\/datenschutzerklaerung\/"},"modified":"2025-04-23T17:59:07","modified_gmt":"2025-04-23T15:59:07","slug":"datenschutzerklaerung","status":"publish","type":"page","link":"https:\/\/lehndorff-gesellschaft-steinort.com\/pl\/datenschutzerklaerung\/","title":{"rendered":"Polityka prywatno\u015bci"},"content":{"rendered":"<p>Towarzystwo Lehndorff-Gesellschaft-Steinort nie ponosi odpowiedzialno\u015bci za tre\u015bci innych powi\u0105zanych stron internetowych.\u201d<br \/>\n\u201eNa stronie 'Darowizny&#8217; zamieszczamy link do strony internetowej <a href=\"https:\/\/www.gruen.net\/software\/spendino\/\" target=\"_blank\" rel=\"noopener\">Spendino<\/a>. F\u00fcr deren Inhalt ist ausschlie\u00dflich Spendino verantwortlich und es gelten ausschlie\u00dflich die <a href=\"https:\/\/www.gruen.net\/datenschutz\/\" target=\"_blank\" rel=\"noopener\">Datenschutzbestimmungen<\/a> von Spendino. <\/p>\n<h4><strong>Polityka prywatno\u015bci<\/strong><\/h4>\n<p>Bardzo cieszymy si\u0119 z Pa\u0144stwa zainteresowania naszym przedsi\u0119wzi\u0119ciem. Ochrona danych osobowych ma szczeg\u00f3lne znaczenie dla Zarz\u0105du Towarzystwa Lehndorff-Gesellschaft-Steinort e.V. Korzystanie z witryn internetowych Towarzystwa Lehndorff-Gesellschaft-Steinort e.V. nie wymaga podawania jakichkolwiek danych osobowych. Je\u015bli jednak osoby zainteresowane zechc\u0105 skorzysta\u0107 z okre\u015blonych us\u0142ug za po\u015brednictwem naszej strony internetowej, mo\u017ce zaj\u015b\u0107 konieczno\u015b\u0107 przetwarzania danych osobowych.\u201d Je\u015bli przetwarzanie danych osobowych jest konieczne, a nie ma podstawy prawnej do takiego przetwarzania, w\u00f3wczas uzyskujemy zgod\u0119 osoby, kt\u00f3rej dane dotycz\u0105.<\/p>\n<p>Przetwarzanie danych osobowych, takich jak imi\u0119, nazwisko, adres, adres e-mail czy numer telefonu osoby, kt\u00f3rej dane dotycz\u0105, odbywa si\u0119 zawsze zgodnie z Og\u00f3lnym rozporz\u0105dzeniem o ochronie danych osobowych (RODO) oraz zgodnie z obowi\u0105zuj\u0105cymi Towarzystwo Lehndorff-Gesellschaft-Steinort e.V. krajowymi przepisami ochrony danych osobowych. Poprzez publikacj\u0119 niniejszej polityki prywatno\u015bci pragniemy poinformowa\u0107 opini\u0119 publiczn\u0105 o rodzaju, zakresie i celu zbierania, wykorzystywania i przetwarzania danych osobowych. Ponadto przy pomocy niniejszej polityki prywatno\u015bci, spe\u0142niamy obowi\u0105zek poinformowania u\u017cytkownik\u00f3w o przys\u0142uguj\u0105cych im prawach.<\/p>\n<p>Towarzystwo Lehndorff-Gesellschaft Steinort e.V., jako administrator danych, wdro\u017cy\u0142o liczne \u015brodki techniczne i organizacyjne, aby zapewni\u0107 mo\u017cliwie jak najwy\u017cszy poziom ochrony danych osobowych przetwarzanych za po\u015brednictwem tej strony internetowej. Niemniej jednak, transmisje danych za po\u015brednictwem Internetu mog\u0105 zasadniczo zawiera\u0107 luki w zabezpieczeniach, w zwi\u0105zku z czym absolutna ochrona nie mo\u017ce zosta\u0107 gwarantowana. Z tego powodu ka\u017cda osoba, kt\u00f3rej dane dotycz\u0105, ma prawo do przekazywania danych osobowych r\u00f3wnie\u017c innymi sposobami, na przyk\u0142ad telefonicznie.<\/p>\n<h4>1. Definicje poj\u0119\u0107<\/h4>\n<p>Polityka prywatno\u015bci Towarzystwa Lehndorff-Gesellschaft-Steinort e.V. opiera si\u0119 na terminologii u\u017cytej przez ustawodawc\u0119 unijnego przy uchwalaniu Og\u00f3lnego rozporz\u0105dzenia o ochronie danych osobowych (RODO). Nasza polityka prywatno\u015bci ma by\u0107 sformu\u0142owana w spos\u00f3b przyst\u0119pny w odbiorze zar\u00f3wno dla opinii publicznej, jak i dla naszych klient\u00f3w oraz partner\u00f3w biznesowych. Aby to zapewni\u0107, chcieliby\u015bmy na wst\u0119pie wyja\u015bni\u0107 u\u017cywane poj\u0119cia.<\/p>\n<p>W niniejszej polityce prywatno\u015bci u\u017cywamy mi\u0119dzy innymi nast\u0119puj\u0105cych poj\u0119\u0107:<\/p>\n<ul style=\"list-style: none;\">\n<li>\n<h4>a) dane osobowe<\/h4>\n<p>Dane osobowe to wszelkie informacje odnosz\u0105ce si\u0119 do zidentyfikowanej lub mo\u017cliwej do zidentyfikowania osoby fizycznej (zwanej dalej \u201eosob\u0105, kt\u00f3rej dane dotycz\u0105\u201d). Za osob\u0119 mo\u017cliw\u0105 do zidentyfikowania uwa\u017ca si\u0119 osob\u0119 fizyczn\u0105, kt\u00f3r\u0105 mo\u017cna zidentyfikowa\u0107 bezpo\u015brednio lub po\u015brednio, w szczeg\u00f3lno\u015bci poprzez przypisanie do identyfikatora, takiego jak imi\u0119, numer identyfikacyjny, dane lokalizacyjne, identyfikator online lub jedno lub wi\u0119cej szczeg\u00f3lnych cech, kt\u00f3re wyra\u017caj\u0105 fizyczn\u0105, fizjologiczn\u0105, genetyczn\u0105, psychiczn\u0105, ekonomiczn\u0105, kulturow\u0105 lub spo\u0142eczn\u0105 to\u017csamo\u015b\u0107 tej osoby.<\/li>\n<li>\n<h4>b) osoba, kt\u00f3rej dane dotycz\u0105<\/h4>\n<p>Osoba, kt\u00f3rej dane dotycz\u0105, to ka\u017cda zidentyfikowana lub mo\u017cliwa do zidentyfikowania osoba fizyczna, kt\u00f3rej dane osobowe s\u0105 przetwarzane przez administratora danych.<\/li>\n<li>\n<h4>c) przetwarzanie danych<\/h4>\n<p>Przetwarzanie to wszelkie dzia\u0142ania wykonywane na danych osobowych, niezale\u017cnie od tego, czy s\u0105 one realizowane z pomoc\u0105 zautomatyzowanych \u015brodk\u00f3w, czy bez nich. Obejmuje to zbieranie, gromadzenie, organizowanie, porz\u0105dkowanie, przechowywanie, dostosowywanie lub zmienianie, odczytywanie, wyszukiwanie, wykorzystywanie, ujawnianie poprzez przekazywanie, rozpowszechnianie lub inn\u0105 form\u0119 udost\u0119pniania, por\u00f3wnywanie lub \u0142\u0105czenie, ograniczanie, usuwanie lub niszczenie danych.<\/li>\n<li>\n<h4>d) ograniczenia przetwarzania<\/h4>\n<p>Ograniczenie przetwarzania to oznaczenie przechowywanych danych osobowych w celu ograniczenia ich przysz\u0142ego przetwarzania.<\/li>\n<li>\n<h4>e) Profiling<\/h4>\n<p>Profilowanie to ka\u017cdy rodzaj zautomatyzowanego przetwarzania danych osobowych, kt\u00f3ry polega na wykorzystaniu tych danych w celu oceny okre\u015blonych aspekt\u00f3w osobistych odnosz\u0105cych si\u0119 do osoby fizycznej, w szczeg\u00f3lno\u015bci w celu analizy lub przewidywania aspekt\u00f3w zwi\u0105zanych z jej wydajno\u015bci\u0105 zawodow\u0105, sytuacj\u0105 ekonomiczn\u0105, zdrowiem, preferencjami osobistymi, zainteresowaniami, niezawodno\u015bci\u0105, zachowaniem, lokalizacj\u0105 lub zmian\u0105 miejsca pobytu.<\/li>\n<li>\n<h4>f) Pseudonimizacja<\/h4>\n<p>Pseudonimizacja to przetwarzanie danych osobowych w taki spos\u00f3b, \u017ce dane te nie mog\u0105 by\u0107 przypisane do konkretnej osoby fizycznej, bez u\u017cycia dodatkowych informacji, pod warunkiem \u017ce te dodatkowe informacje s\u0105 przechowywane oddzielnie i obj\u0119te odpowiednimi \u015brodkami technicznymi i organizacyjnymi, kt\u00f3re zapewniaj\u0105, \u017ce dane osobowe nie zostan\u0105 przypisane do zidentyfikowanej lub mo\u017cliwej do zidentyfikowania osoby fizycznej.<\/li>\n<li>\n<h4>g) Administrator danych lub podmiot odpowiedzialny za przetwarzanie<\/h4>\n<p>Administrator danych lub podmiot odpowiedzialny za przetwarzanie to osoba fizyczna lub prawna, organ, instytucja lub inny podmiot, kt\u00f3ry samodzielnie lub wsp\u00f3lnie z innymi decyduje o celach i \u015brodkach przetwarzania danych osobowych. Je\u015bli cele i \u015brodki przetwarzania danych s\u0105 okre\u015blone przez prawo Unii Europejskiej lub prawo pa\u0144stw cz\u0142onkowskich, to administrator danych lub kryteria jego wyznaczenia mog\u0105 by\u0107 okre\u015blone na mocy prawa Unii Europejskiej lub prawa pa\u0144stw cz\u0142onkowskich.<\/li>\n<li>\n<h4>h) Podmiot przetwarzaj\u0105cy<\/h4>\n<p>Podmiot przetwarzaj\u0105cy to osoba fizyczna lub prawna, organ, instytucja lub inny podmiot, kt\u00f3ry przetwarza dane osobowe na zlecenie administratora danych.<\/li>\n<li>\n<h4>i) odbiorca<\/h4>\n<p>Odbiorca to osoba fizyczna lub prawna, organ, instytucja lub inny podmiot, kt\u00f3remu ujawniane s\u0105 dane osobowe, niezale\u017cnie od tego, czy jest to strona trzecia, czy nie. Organy, kt\u00f3re w ramach okre\u015blonego zadania dochodzeniowego na mocy prawa Unii Europejskiej lub prawa pa\u0144stw cz\u0142onkowskich mog\u0105 otrzyma\u0107 dane osobowe, nie s\u0105 jednak uznawane za odbiorc\u00f3w.<\/li>\n<li>\n<h4>j) strona trzecia<\/h4>\n<p>Strona trzecia to osoba fizyczna lub prawna, organ, instytucja lub inny podmiot, z wyj\u0105tkiem osoby, kt\u00f3rej dane dotycz\u0105, administratora danych, podmiotu przetwarzaj\u0105cego oraz os\u00f3b, kt\u00f3re s\u0105 upowa\u017cnione do przetwarzania danych osobowych pod bezpo\u015brednim nadzorem administratora lub podmiotu przetwarzaj\u0105cego.<\/li>\n<li>\n<h4>k) zgoda<\/h4>\n<p>Zgoda to ka\u017cda dobrowolna, \u015bwiadoma i jednoznaczna deklaracja woli osoby, kt\u00f3rej dane dotycz\u0105, wyra\u017cona w formie o\u015bwiadczenia lub innego jednoznacznego dzia\u0142ania potwierdzaj\u0105cego, kt\u00f3rym osoba ta wyra\u017ca zgod\u0119 na przetwarzanie swoich danych osobowych.<\/li>\n<\/ul>\n<h4>2. Nazwa i adres administratora danych<\/h4>\n<p>Administrator danych w rozumieniu Og\u00f3lnego rozporz\u0105dzenia o ochronie danych osobowych, innych obowi\u0105zuj\u0105cych w pa\u0144stwach cz\u0142onkowskich Unii Europejskiej przepis\u00f3w o ochronie danych osobowych oraz innych przepis\u00f3w o charakterze ochrony danych osobowych to:<\/p>\n<p>Lehndorff-Gesellschaft Steinort e.V.<\/p>\n<p>c\/o Dr. Uwe Heckert, Buschriede 47<\/p>\n<p>30419 Hannover<\/p>\n<p>Niemcy<\/p>\n<p>Tel.: +4915905340192<\/p>\n<p>E-Mail: lehndorffgesellschaft@gmail.com<\/p>\n<p>Website: www.lehndorff-gesellschaft-steinort.com<\/p>\n<h4>3. Zbieranie og\u00f3lnych danych i informacji<\/h4>\n<p>Strona internetowa Lehndorff-Gesellschaft Steinort e.V. zbiera przy ka\u017cdym odwiedzeniu strony przez osob\u0119 odwiedzaj\u0105c\u0105 lub zautomatyzowany system szereg og\u00f3lnych danych i informacji. Te og\u00f3lne dane i informacje s\u0105 przechowywane w plikach dziennika serwera. Zbierane mog\u0105 by\u0107 nast\u0119puj\u0105ce dane: (1) typy i wersje przegl\u0105darek, (2) system operacyjny u\u017cywany przez system uzyskuj\u0105cy dost\u0119p, (3) strona internetowa, z kt\u00f3rej system uzyskuj\u0105cy dost\u0119p trafia na nasz\u0105 stron\u0119 (tzw. Referrer), (4) podstrony, kt\u00f3re s\u0105 odwiedzane za pomoc\u0105 systemu uzyskuj\u0105cego dost\u0119p na naszej stronie internetowej, (5) data i godzina dost\u0119pu do strony internetowej, (6) adres protoko\u0142u internetowego (adres IP), (7) dostawca us\u0142ug internetowych systemu uzyskuj\u0105cego dost\u0119p oraz (8) inne podobne dane i informacje, kt\u00f3re s\u0142u\u017c\u0105 do zapobiegania zagro\u017ceniom w przypadku atak\u00f3w na nasze systemy informatyczne.<\/p>\n<p>Podczas korzystania z tych og\u00f3lnych danych i informacji, Lehndorff-Gesellschaft Steinort e.V. nie wyci\u0105ga wniosk\u00f3w dotycz\u0105cych osoby, kt\u00f3rej dane dotycz\u0105. Informacje te s\u0105 potrzebne w celu: (1) prawid\u0142owego dostarczania tre\u015bci naszej strony internetowej, (2) optymalizacji tre\u015bci naszej strony internetowej oraz reklamy zwi\u0105zanej z ni\u0105, (3) zapewnienia trwa\u0142ej funkcjonalno\u015bci naszych system\u00f3w informatycznych oraz technologii naszej strony internetowej, oraz (4) dostarczenia organom \u015bcigania niezb\u0119dnych informacji do prowadzenia post\u0119powa\u0144 karnych w przypadku ataku cybernetycznego. Te anonimowo zbierane dane i informacje s\u0105 nast\u0119pnie analizowane przez Lehndorff-Gesellschaft Steinort e.V. w celach statystycznych oraz w celu zwi\u0119kszenia ochrony danych osobowych i bezpiecze\u0144stwa danych w naszej organizacji, aby ostatecznie zapewni\u0107 optymalny poziom ochrony przetwarzanych przez nas danych osobowych. Anonimowe dane z plik\u00f3w dziennika serwera s\u0105 przechowywane oddzielnie od wszelkich danych osobowych podanych przez osob\u0119, kt\u00f3rej dane dotycz\u0105.<\/p>\n<h4>4. Mo\u017cliwo\u015b\u0107 kontaktu przez stron\u0119 internetow\u0105<\/h4>\n<p>Strona internetowa Lehndorff-Gesellschaft Steinort e.V. zawiera, na mocy przepis\u00f3w prawnych, informacje umo\u017cliwiaj\u0105ce szybki elektroniczny kontakt z nasz\u0105 organizacj\u0105 oraz bezpo\u015bredni\u0105 komunikacj\u0119 z nami, w tym og\u00f3lny adres poczty elektronicznej (adres e-mail). Je\u017celi osoba, kt\u00f3rej dane dotycz\u0105, nawi\u0105\u017ce kontakt z administratorem danych za po\u015brednictwem poczty elektronicznej lub formularza kontaktowego, dane osobowe przekazane przez t\u0119 osob\u0119 b\u0119d\u0105 automatycznie przechowywane. Takie dane osobowe przekazane dobrowolnie przez osob\u0119, kt\u00f3rej dane dotycz\u0105, administratorowi danych b\u0119d\u0105 przechowywane w celu ich przetwarzania lub nawi\u0105zania kontaktu z t\u0105 osob\u0105. Nie nast\u0119puje przekazywanie tych danych osobowych osobom trzecim.<\/p>\n<h4>5. Funkcja komentarzy w blogu na stronie internetowej<\/h4>\n<p>Lehndorff-Gesellschaft Steinort e.V. daje u\u017cytkownikom mo\u017cliwo\u015b\u0107 zamieszczania indywidualnych komentarzy do poszczeg\u00f3lnych wpis\u00f3w na blogu, kt\u00f3ry znajduje si\u0119 na stronie internetowej administratora danych. Blog to prowadzone na stronie internetowej, zazwyczaj publicznie dost\u0119pne, forum, na kt\u00f3rym jedna lub wi\u0119cej os\u00f3b, zwanych blogerami lub web-bogami, mog\u0105 publikowa\u0107 artyku\u0142y lub dzieli\u0107 si\u0119 swoimi przemy\u015bleniami w postaci tzw. wpis\u00f3w blogowych. Wpisy na blogu mog\u0105 zazwyczaj by\u0107 komentowane przez osoby trzecie.<\/p>\n<p>Je\u017celi osoba, kt\u00f3rej dane dotycz\u0105, zamieszcza komentarz na blogu opublikowanym na tej stronie internetowej, opr\u00f3cz samego komentarza, przechowywane i publikowane b\u0119d\u0105 r\u00f3wnie\u017c informacje o dacie i godzinie zamieszczenia komentarza oraz wybranym przez osob\u0119 nazwisku u\u017cytkownika (pseudonimie). Ponadto rejestrowany jest adres IP przypisany osobie, kt\u00f3rej dane dotycz\u0105, przez dostawc\u0119 us\u0142ug internetowych (ISP). Przechowywanie adresu IP odbywa si\u0119 z powod\u00f3w bezpiecze\u0144stwa oraz na wypadek, gdyby osoba, kt\u00f3rej dane dotycz\u0105, naruszy\u0142a prawa os\u00f3b trzecich lub opublikowa\u0142a tre\u015bci niezgodne z prawem w swoim komentarzu. Przechowywanie tych danych osobowych odbywa si\u0119 zatem w uzasadnionym interesie administratora danych, aby w przypadku naruszenia prawa m\u00f3g\u0142 on ewentualnie udowodni\u0107 swoj\u0105 niewinno\u015b\u0107. Nie nast\u0119puje przekazywanie tych zebranych danych osobowych osobom trzecim, chyba \u017ce taka przekazanie jest wymagane na mocy prawa lub s\u0142u\u017cy obronie prawnej administratora danych.<\/p>\n<h4>6. Subskrypcja komentarzy w blogu na stronie internetowej<\/h4>\n<p>Komentarze zamieszczone na blogu Lehndorff-Gesellschaft Steinort e.V. mog\u0105 by\u0107 zasadniczo subskrybowane przez osoby trzecie. W szczeg\u00f3lno\u015bci istnieje mo\u017cliwo\u015b\u0107, \u017ce komentator subskrybuje komentarze, kt\u00f3re pojawi\u0105 si\u0119 po jego w\u0142asnym komentarzu do konkretnego wpisu na blogu.<\/p>\n<p>Je\u015bli osoba, kt\u00f3rej dane dotycz\u0105, zdecyduje si\u0119 na opcj\u0119 subskrypcji komentarzy, administrator danych wysy\u0142a automatyczn\u0105 wiadomo\u015b\u0107 e-mail z potwierdzeniem, aby w ramach procedury Double-Opt-In upewni\u0107 si\u0119, \u017ce to rzeczywi\u015bcie w\u0142a\u015bciciel podanego adresu e-mail wybra\u0142 t\u0119 opcj\u0119. Opcja subskrypcji komentarzy mo\u017ce zosta\u0107 w ka\u017cdej chwili zako\u0144czona.<\/p>\n<h4>7. Rutynowe usuwanie i blokowanie danych osobowych<\/h4>\n<p>Osoba odpowiedzialna za przetwarzanie przetwarza i przechowuje dane osobowe osoby, kt\u00f3rej dane dotycz\u0105, tylko przez okres niezb\u0119dny do osi\u0105gni\u0119cia celu przechowywania lub je\u017celi przewiduj\u0105 to przepisy prawa Unii Europejskiej lub inne przepisy prawne, kt\u00f3rym osoba odpowiedzialna za przetwarzanie podlega.<\/p>\n<p>Je\u015bli cel przechowywania danych osobowych przestaje obowi\u0105zywa\u0107 lub up\u0142ywa okres przechowywania okre\u015blony przez przepisy prawa Unii Europejskiej lub innego w\u0142a\u015bciwego ustawodawcy, dane osobowe zostan\u0105 rutynowo zablokowane lub usuni\u0119te zgodnie z przepisami prawa.<\/p>\n<h4>8. Prawa osoby, kt\u00f3rej dane dotycz\u0105<\/h4>\n<ul style=\"list-style: none;\">\n<li>\n<h4>a) Recht auf Best\u00e4tigung<\/h4>\n<p>Jede betroffene Person hat das vom Europ\u00e4ischen Richtlinien- und Verordnungsgeber einger\u00e4umte Recht, von dem f\u00fcr die Verarbeitung Verantwortlichen eine Best\u00e4tigung dar\u00fcber zu verlangen, ob sie betreffende personenbezogene Daten verarbeitet werden. M\u00f6chte eine betroffene Person dieses Best\u00e4tigungsrecht in Anspruch nehmen, kann sie sich hierzu jederzeit an einen Mitarbeiter des f\u00fcr die Verarbeitung Verantwortlichen wenden.<\/li>\n<li>\n<h4>b) Recht auf Auskunft<\/h4>\n<p>Jede von der Verarbeitung personenbezogener Daten betroffene Person hat das vom Europ\u00e4ischen Richtlinien- und Verordnungsgeber gew\u00e4hrte Recht, jederzeit von dem f\u00fcr die Verarbeitung Verantwortlichen unentgeltliche Auskunft \u00fcber die zu seiner Person gespeicherten personenbezogenen Daten und eine Kopie dieser Auskunft zu erhalten. Ferner hat der Europ\u00e4ische Richtlinien- und Verordnungsgeber der betroffenen Person Auskunft \u00fcber folgende Informationen zugestanden:<\/p>\n<ul style=\"list-style: none;\">\n<li>die Verarbeitungszwecke<\/li>\n<li>die Kategorien personenbezogener Daten, die verarbeitet werden<\/li>\n<li>die Empf\u00e4nger oder Kategorien von Empf\u00e4ngern, gegen\u00fcber denen die personenbezogenen Daten offengelegt worden sind oder noch offengelegt werden, insbesondere bei Empf\u00e4ngern in Drittl\u00e4ndern oder bei internationalen Organisationen<\/li>\n<li>falls m\u00f6glich die geplante Dauer, f\u00fcr die die personenbezogenen Daten gespeichert werden, oder, falls dies nicht m\u00f6glich ist, die Kriterien f\u00fcr die Festlegung dieser Dauer<\/li>\n<li>das Bestehen eines Rechts auf Berichtigung oder L\u00f6schung der sie betreffenden personenbezogenen Daten oder auf Einschr\u00e4nkung der Verarbeitung durch den Verantwortlichen oder eines Widerspruchsrechts gegen diese Verarbeitung<\/li>\n<li>das Bestehen eines Beschwerderechts bei einer Aufsichtsbeh\u00f6rde<\/li>\n<li>wenn die personenbezogenen Daten nicht bei der betroffenen Person erhoben werden: Alle verf\u00fcgbaren Informationen \u00fcber die Herkunft der Daten<\/li>\n<li>das Bestehen einer automatisierten Entscheidungsfindung einschlie\u00dflich Profiling gem\u00e4\u00df Artikel 22 Abs.1 und 4 DS-GVO und \u2014 zumindest in diesen F\u00e4llen \u2014 aussagekr\u00e4ftige Informationen \u00fcber die involvierte Logik sowie die Tragweite und die angestrebten Auswirkungen einer derartigen Verarbeitung f\u00fcr die betroffene Person<\/li>\n<\/ul>\n<p>Ferner steht der betroffenen Person ein Auskunftsrecht dar\u00fcber zu, ob personenbezogene Daten an ein Drittland oder an eine internationale Organisation \u00fcbermittelt wurden. Sofern dies der Fall ist, so steht der betroffenen Person im \u00dcbrigen das Recht zu, Auskunft \u00fcber die geeigneten Garantien im Zusammenhang mit der \u00dcbermittlung zu erhalten.<\/p>\n<p>M\u00f6chte eine betroffene Person dieses Auskunftsrecht in Anspruch nehmen, kann sie sich hierzu jederzeit an einen Mitarbeiter des f\u00fcr die Verarbeitung Verantwortlichen wenden.<\/li>\n<li>\n<h4>c) Recht auf Berichtigung<\/h4>\n<p>Jede von der Verarbeitung personenbezogener Daten betroffene Person hat das vom Europ\u00e4ischen Richtlinien- und Verordnungsgeber gew\u00e4hrte Recht, die unverz\u00fcgliche Berichtigung sie betreffender unrichtiger personenbezogener Daten zu verlangen. Ferner steht der betroffenen Person das Recht zu, unter Ber\u00fccksichtigung der Zwecke der Verarbeitung, die Vervollst\u00e4ndigung unvollst\u00e4ndiger personenbezogener Daten \u2014 auch mittels einer erg\u00e4nzenden Erkl\u00e4rung \u2014 zu verlangen.<\/p>\n<p>M\u00f6chte eine betroffene Person dieses Berichtigungsrecht in Anspruch nehmen, kann sie sich hierzu jederzeit an einen Mitarbeiter des f\u00fcr die Verarbeitung Verantwortlichen wenden.<\/li>\n<li>\n<h4>d) Recht auf L\u00f6schung (Recht auf Vergessen werden)<\/h4>\n<p>Jede von der Verarbeitung personenbezogener Daten betroffene Person hat das vom Europ\u00e4ischen Richtlinien- und Verordnungsgeber gew\u00e4hrte Recht, von dem Verantwortlichen zu verlangen, dass die sie betreffenden personenbezogenen Daten unverz\u00fcglich gel\u00f6scht werden, sofern einer der folgenden Gr\u00fcnde zutrifft und soweit die Verarbeitung nicht erforderlich ist:<\/p>\n<ul style=\"list-style: none;\">\n<li>Die personenbezogenen Daten wurden f\u00fcr solche Zwecke erhoben oder auf sonstige Weise verarbeitet, f\u00fcr welche sie nicht mehr notwendig sind.<\/li>\n<li>Die betroffene Person widerruft ihre Einwilligung, auf die sich die Verarbeitung gem\u00e4\u00df Art. 6 Abs. 1 Buchstabe a DS-GVO oder Art. 9 Abs. 2 Buchstabe a DS-GVO st\u00fctzte, und es fehlt an einer anderweitigen Rechtsgrundlage f\u00fcr die Verarbeitung.<\/li>\n<li>Die betroffene Person legt gem\u00e4\u00df Art. 21 Abs. 1 DS-GVO Widerspruch gegen die Verarbeitung ein, und es liegen keine vorrangigen berechtigten Gr\u00fcnde f\u00fcr die Verarbeitung vor, oder die betroffene Person legt gem\u00e4\u00df Art. 21 Abs. 2 DS-GVO Widerspruch gegen die Verarbeitung ein.<\/li>\n<li>Die personenbezogenen Daten wurden unrechtm\u00e4\u00dfig verarbeitet.<\/li>\n<li>Die L\u00f6schung der personenbezogenen Daten ist zur Erf\u00fcllung einer rechtlichen Verpflichtung nach dem Unionsrecht oder dem Recht der Mitgliedstaaten erforderlich, dem der Verantwortliche unterliegt.<\/li>\n<li>Die personenbezogenen Daten wurden in Bezug auf angebotene Dienste der Informationsgesellschaft gem\u00e4\u00df Art. 8 Abs. 1 DS-GVO erhoben.<\/li>\n<\/ul>\n<p>Sofern einer der oben genannten Gr\u00fcnde zutrifft und eine betroffene Person die L\u00f6schung von personenbezogenen Daten, die bei der Lehndorff-Gesellschaft Steinort e.V. gespeichert sind, veranlassen m\u00f6chte, kann sie sich hierzu jederzeit an einen Mitarbeiter des f\u00fcr die Verarbeitung Verantwortlichen wenden. Der Mitarbeiter der Lehndorff-Gesellschaft Steinort e.V. wird veranlassen, dass dem L\u00f6schverlangen unverz\u00fcglich nachgekommen wird.<\/p>\n<p>Wurden die personenbezogenen Daten von der Lehndorff-Gesellschaft Steinort e.V. \u00f6ffentlich gemacht und ist unser Unternehmen als Verantwortlicher gem\u00e4\u00df Art. 17 Abs. 1 DS-GVO zur L\u00f6schung der personenbezogenen Daten verpflichtet, so trifft die Lehndorff-Gesellschaft Steinort e.V. unter Ber\u00fccksichtigung der verf\u00fcgbaren Technologie und der Implementierungskosten angemessene Ma\u00dfnahmen, auch technischer Art, um andere f\u00fcr die Datenverarbeitung Verantwortliche, welche die ver\u00f6ffentlichten personenbezogenen Daten verarbeiten, dar\u00fcber in Kenntnis zu setzen, dass die betroffene Person von diesen anderen f\u00fcr die Datenverarbeitung Verantwortlichen die L\u00f6schung s\u00e4mtlicher Links zu diesen personenbezogenen Daten oder von Kopien oder Replikationen dieser personenbezogenen Daten verlangt hat, soweit die Verarbeitung nicht erforderlich ist. Der Mitarbeiter der Lehndorff-Gesellschaft Steinort e.V. wird im Einzelfall das Notwendige veranlassen.<\/li>\n<li>\n<h4>e) Recht auf Einschr\u00e4nkung der Verarbeitung<\/h4>\n<p>Jede von der Verarbeitung personenbezogener Daten betroffene Person hat das vom Europ\u00e4ischen Richtlinien- und Verordnungsgeber gew\u00e4hrte Recht, von dem Verantwortlichen die Einschr\u00e4nkung der Verarbeitung zu verlangen, wenn eine der folgenden Voraussetzungen gegeben ist:<\/p>\n<ul style=\"list-style: none;\">\n<li>Die Richtigkeit der personenbezogenen Daten wird von der betroffenen Person bestritten, und zwar f\u00fcr eine Dauer, die es dem Verantwortlichen erm\u00f6glicht, die Richtigkeit der personenbezogenen Daten zu \u00fcberpr\u00fcfen.<\/li>\n<li>Die Verarbeitung ist unrechtm\u00e4\u00dfig, die betroffene Person lehnt die L\u00f6schung der personenbezogenen Daten ab und verlangt stattdessen die Einschr\u00e4nkung der Nutzung der personenbezogenen Daten.<\/li>\n<li>Der Verantwortliche ben\u00f6tigt die personenbezogenen Daten f\u00fcr die Zwecke der Verarbeitung nicht l\u00e4nger, die betroffene Person ben\u00f6tigt sie jedoch zur Geltendmachung, Aus\u00fcbung oder Verteidigung von Rechtsanspr\u00fcchen.<\/li>\n<li>Die betroffene Person hat Widerspruch gegen die Verarbeitung gem. Art. 21 Abs. 1 DS-GVO eingelegt und es steht noch nicht fest, ob die berechtigten Gr\u00fcnde des Verantwortlichen gegen\u00fcber denen der betroffenen Person \u00fcberwiegen.<\/li>\n<\/ul>\n<p>Sofern eine der oben genannten Voraussetzungen gegeben ist und eine betroffene Person die Einschr\u00e4nkung von personenbezogenen Daten, die bei der Lehndorff-Gesellschaft Steinort e.V. gespeichert sind, verlangen m\u00f6chte, kann sie sich hierzu jederzeit an einen Mitarbeiter des f\u00fcr die Verarbeitung Verantwortlichen wenden. Der Mitarbeiter der Lehndorff-Gesellschaft Steinort e.V. wird die Einschr\u00e4nkung der Verarbeitung veranlassen.<\/li>\n<li>\n<h4>f) Recht auf Daten\u00fcbertragbarkeit<\/h4>\n<p>Jede von der Verarbeitung personenbezogener Daten betroffene Person hat das vom Europ\u00e4ischen Richtlinien- und Verordnungsgeber gew\u00e4hrte Recht, die sie betreffenden personenbezogenen Daten, welche durch die betroffene Person einem Verantwortlichen bereitgestellt wurden, in einem strukturierten, g\u00e4ngigen und maschinenlesbaren Format zu erhalten. Sie hat au\u00dferdem das Recht, diese Daten einem anderen Verantwortlichen ohne Behinderung durch den Verantwortlichen, dem die personenbezogenen Daten bereitgestellt wurden, zu \u00fcbermitteln, sofern die Verarbeitung auf der Einwilligung gem\u00e4\u00df Art. 6 Abs. 1 Buchstabe a DS-GVO oder Art. 9 Abs. 2 Buchstabe a DS-GVO oder auf einem Vertrag gem\u00e4\u00df Art. 6 Abs. 1 Buchstabe b DS-GVO beruht und die Verarbeitung mithilfe automatisierter Verfahren erfolgt, sofern die Verarbeitung nicht f\u00fcr die Wahrnehmung einer Aufgabe erforderlich ist, die im \u00f6ffentlichen Interesse liegt oder in Aus\u00fcbung \u00f6ffentlicher Gewalt erfolgt, welche dem Verantwortlichen \u00fcbertragen wurde.<\/p>\n<p>Ferner hat die betroffene Person bei der Aus\u00fcbung ihres Rechts auf Daten\u00fcbertragbarkeit gem\u00e4\u00df Art. 20 Abs. 1 DS-GVO das Recht, zu erwirken, dass die personenbezogenen Daten direkt von einem Verantwortlichen an einen anderen Verantwortlichen \u00fcbermittelt werden, soweit dies technisch machbar ist und sofern hiervon nicht die Rechte und Freiheiten anderer Personen beeintr\u00e4chtigt werden.<\/p>\n<p>Zur Geltendmachung des Rechts auf Daten\u00fcbertragbarkeit kann sich die betroffene Person jederzeit an einen Mitarbeiter der Lehndorff-Gesellschaft Steinort e.V. wenden.<\/li>\n<li>\n<h4>g) Recht auf Widerspruch<\/h4>\n<p>Jede von der Verarbeitung personenbezogener Daten betroffene Person hat das vom Europ\u00e4ischen Richtlinien- und Verordnungsgeber gew\u00e4hrte Recht, aus Gr\u00fcnden, die sich aus ihrer besonderen Situation ergeben, jederzeit gegen die Verarbeitung sie betreffender personenbezogener Daten, die aufgrund von Art. 6 Abs. 1 Buchstaben e oder f DS-GVO erfolgt, Widerspruch einzulegen. Dies gilt auch f\u00fcr ein auf diese Bestimmungen gest\u00fctztes Profiling.<\/p>\n<p>Die Lehndorff-Gesellschaft Steinort e.V. verarbeitet die personenbezogenen Daten im Falle des Widerspruchs nicht mehr, es sei denn, wir k\u00f6nnen zwingende schutzw\u00fcrdige Gr\u00fcnde f\u00fcr die Verarbeitung nachweisen, die den Interessen, Rechten und Freiheiten der betroffenen Person \u00fcberwiegen, oder die Verarbeitung dient der Geltendmachung, Aus\u00fcbung oder Verteidigung von Rechtsanspr\u00fcchen.<\/p>\n<p>Verarbeitet die Lehndorff-Gesellschaft Steinort e.V. personenbezogene Daten, um Direktwerbung zu betreiben, so hat die betroffene Person das Recht, jederzeit Widerspruch gegen die Verarbeitung der personenbezogenen Daten zum Zwecke derartiger Werbung einzulegen. Dies gilt auch f\u00fcr das Profiling, soweit es mit solcher Direktwerbung in Verbindung steht. Widerspricht die betroffene Person gegen\u00fcber der Lehndorff-Gesellschaft Steinort e.V. der Verarbeitung f\u00fcr Zwecke der Direktwerbung, so wird die Lehndorff-Gesellschaft Steinort e.V. die personenbezogenen Daten nicht mehr f\u00fcr diese Zwecke verarbeiten.<\/p>\n<p>Zudem hat die betroffene Person das Recht, aus Gr\u00fcnden, die sich aus ihrer besonderen Situation ergeben, gegen die sie betreffende Verarbeitung personenbezogener Daten, die bei der Lehndorff-Gesellschaft Steinort e.V. zu wissenschaftlichen oder historischen Forschungszwecken oder zu statistischen Zwecken gem\u00e4\u00df Art. 89 Abs. 1 DS-GVO erfolgen, Widerspruch einzulegen, es sei denn, eine solche Verarbeitung ist zur Erf\u00fcllung einer im \u00f6ffentlichen Interesse liegenden Aufgabe erforderlich.<\/p>\n<p>Zur Aus\u00fcbung des Rechts auf Widerspruch kann sich die betroffene Person direkt an jeden Mitarbeiter der Lehndorff-Gesellschaft Steinort e.V. oder einen anderen Mitarbeiter wenden. Der betroffenen Person steht es ferner frei, im Zusammenhang mit der Nutzung von Diensten der Informationsgesellschaft, ungeachtet der Richtlinie 2002\/58\/EG, ihr Widerspruchsrecht mittels automatisierter Verfahren auszu\u00fcben, bei denen technische Spezifikationen verwendet werden.<\/li>\n<li>\n<h4>h) Automatisierte Entscheidungen im Einzelfall einschlie\u00dflich Profiling<\/h4>\n<p>Jede von der Verarbeitung personenbezogener Daten betroffene Person hat das vom Europ\u00e4ischen Richtlinien- und Verordnungsgeber gew\u00e4hrte Recht, nicht einer ausschlie\u00dflich auf einer automatisierten Verarbeitung \u2014 einschlie\u00dflich Profiling \u2014 beruhenden Entscheidung unterworfen zu werden, die ihr gegen\u00fcber rechtliche Wirkung entfaltet oder sie in \u00e4hnlicher Weise erheblich beeintr\u00e4chtigt, sofern die Entscheidung (1) nicht f\u00fcr den Abschluss oder die Erf\u00fcllung eines Vertrags zwischen der betroffenen Person und dem Verantwortlichen erforderlich ist, oder (2) aufgrund von Rechtsvorschriften der Union oder der Mitgliedstaaten, denen der Verantwortliche unterliegt, zul\u00e4ssig ist und diese Rechtsvorschriften angemessene Ma\u00dfnahmen zur Wahrung der Rechte und Freiheiten sowie der berechtigten Interessen der betroffenen Person enthalten oder (3) mit ausdr\u00fccklicher Einwilligung der betroffenen Person erfolgt.<\/p>\n<p>Ist die Entscheidung (1) f\u00fcr den Abschluss oder die Erf\u00fcllung eines Vertrags zwischen der betroffenen Person und dem Verantwortlichen erforderlich oder (2) erfolgt sie mit ausdr\u00fccklicher Einwilligung der betroffenen Person, trifft die Lehndorff-Gesellschaft Steinort e.V. angemessene Ma\u00dfnahmen, um die Rechte und Freiheiten sowie die berechtigten Interessen der betroffenen Person zu wahren, wozu mindestens das Recht auf Erwirkung des Eingreifens einer Person seitens des Verantwortlichen, auf Darlegung des eigenen Standpunkts und auf Anfechtung der Entscheidung geh\u00f6rt.<\/p>\n<p>M\u00f6chte die betroffene Person Rechte mit Bezug auf automatisierte Entscheidungen geltend machen, kann sie sich hierzu jederzeit an einen Mitarbeiter des f\u00fcr die Verarbeitung Verantwortlichen wenden.<\/li>\n<li>\n<h4>i) Recht auf Widerruf einer datenschutzrechtlichen Einwilligung<\/h4>\n<p>Jede von der Verarbeitung personenbezogener Daten betroffene Person hat das vom Europ\u00e4ischen Richtlinien- und Verordnungsgeber gew\u00e4hrte Recht, eine Einwilligung zur Verarbeitung personenbezogener Daten jederzeit zu widerrufen.<\/p>\n<p>M\u00f6chte die betroffene Person ihr Recht auf Widerruf einer Einwilligung geltend machen, kann sie sich hierzu jederzeit an einen Mitarbeiter des f\u00fcr die Verarbeitung Verantwortlichen wenden.<\/li>\n<\/ul>\n<h4>9. Rechtsgrundlage der Verarbeitung<\/h4>\n<p>Art. 6 I lit. a DS-GVO dient unserem Unternehmen als Rechtsgrundlage f\u00fcr Verarbeitungsvorg\u00e4nge, bei denen wir eine Einwilligung f\u00fcr einen bestimmten Verarbeitungszweck einholen. Ist die Verarbeitung personenbezogener Daten zur Erf\u00fcllung eines Vertrags, dessen Vertragspartei die betroffene Person ist, erforderlich, wie dies beispielsweise bei Verarbeitungsvorg\u00e4ngen der Fall ist, die f\u00fcr eine Lieferung von Waren oder die Erbringung einer sonstigen Leistung oder Gegenleistung notwendig sind, so beruht die Verarbeitung auf Art. 6 I lit. b DS-GVO. Gleiches gilt f\u00fcr solche Verarbeitungsvorg\u00e4nge die zur Durchf\u00fchrung vorvertraglicher Ma\u00dfnahmen erforderlich sind, etwa in F\u00e4llen von Anfragen zur unseren Produkten oder Leistungen. Unterliegt unser Unternehmen einer rechtlichen Verpflichtung durch welche eine Verarbeitung von personenbezogenen Daten erforderlich wird, wie beispielsweise zur Erf\u00fcllung steuerlicher Pflichten, so basiert die Verarbeitung auf Art. 6 I lit. c DS-GVO. In seltenen F\u00e4llen k\u00f6nnte die Verarbeitung von personenbezogenen Daten erforderlich werden, um lebenswichtige Interessen der betroffenen Person oder einer anderen nat\u00fcrlichen Person zu sch\u00fctzen. Dies w\u00e4re beispielsweise der Fall, wenn ein Besucher in unserem Betrieb verletzt werden w\u00fcrde und daraufhin sein Name, sein Alter, seine Krankenkassendaten oder sonstige lebenswichtige Informationen an einen Arzt, ein Krankenhaus oder sonstige Dritte weitergegeben werden m\u00fcssten. Dann w\u00fcrde die Verarbeitung auf Art. 6 I lit. d DS-GVO beruhen.<br \/>\nLetztlich k\u00f6nnten Verarbeitungsvorg\u00e4nge auf Art. 6 I lit. f DS-GVO beruhen. Auf dieser Rechtsgrundlage basieren Verarbeitungsvorg\u00e4nge, die von keiner der vorgenannten Rechtsgrundlagen erfasst werden, wenn die Verarbeitung zur Wahrung eines berechtigten Interesses unseres Unternehmens oder eines Dritten erforderlich ist, sofern die Interessen, Grundrechte und Grundfreiheiten des Betroffenen nicht \u00fcberwiegen. Solche Verarbeitungsvorg\u00e4nge sind uns insbesondere deshalb gestattet, weil sie durch den Europ\u00e4ischen Gesetzgeber besonders erw\u00e4hnt wurden. Er vertrat insoweit die Auffassung, dass ein berechtigtes Interesse anzunehmen sein k\u00f6nnte, wenn die betroffene Person ein Kunde des Verantwortlichen ist (Erw\u00e4gungsgrund 47 Satz 2 DS-GVO).<\/p>\n<h4>10. Berechtigte Interessen an der Verarbeitung, die von dem Verantwortlichen oder einem Dritten verfolgt werden<\/h4>\n<p>Basiert die Verarbeitung personenbezogener Daten auf Artikel 6 I lit. f DS-GVO ist unser berechtigtes Interesse die Durchf\u00fchrung unserer Gesch\u00e4ftst\u00e4tigkeit zugunsten des Wohlergehens all unserer Mitarbeiter und unserer Anteilseigner.<\/p>\n<h4>11. Dauer, f\u00fcr die die personenbezogenen Daten gespeichert werden<\/h4>\n<p>Das Kriterium f\u00fcr die Dauer der Speicherung von personenbezogenen Daten ist die jeweilige gesetzliche Aufbewahrungsfrist. Nach Ablauf der Frist werden die entsprechenden Daten routinem\u00e4\u00dfig gel\u00f6scht, sofern sie nicht mehr zur Vertragserf\u00fcllung oder Vertragsanbahnung erforderlich sind.<\/p>\n<h4>12. Gesetzliche oder vertragliche Vorschriften zur Bereitstellung der personenbezogenen Daten; Erforderlichkeit f\u00fcr den Vertragsabschluss; Verpflichtung der betroffenen Person, die personenbezogenen Daten bereitzustellen; m\u00f6gliche Folgen der Nichtbereitstellung<\/h4>\n<p>Wir kl\u00e4ren Sie dar\u00fcber auf, dass die Bereitstellung personenbezogener Daten zum Teil gesetzlich vorgeschrieben ist (z.B. Steuervorschriften) oder sich auch aus vertraglichen Regelungen (z.B. Angaben zum Vertragspartner) ergeben kann.<br \/>\nMitunter kann es zu einem Vertragsschluss erforderlich sein, dass eine betroffene Person uns personenbezogene Daten zur Verf\u00fcgung stellt, die in der Folge durch uns verarbeitet werden m\u00fcssen. Die betroffene Person ist beispielsweise verpflichtet uns personenbezogene Daten bereitzustellen, wenn unser Unternehmen mit ihr einen Vertrag abschlie\u00dft. Eine Nichtbereitstellung der personenbezogenen Daten h\u00e4tte zur Folge, dass der Vertrag mit dem Betroffenen nicht geschlossen werden k\u00f6nnte.<br \/>\nVor einer Bereitstellung personenbezogener Daten durch den Betroffenen muss sich der Betroffene an einen unserer Mitarbeiter wenden. Unser Mitarbeiter kl\u00e4rt den Betroffenen einzelfallbezogen dar\u00fcber auf, ob die Bereitstellung der personenbezogenen Daten gesetzlich oder vertraglich vorgeschrieben oder f\u00fcr den Vertragsabschluss erforderlich ist, ob eine Verpflichtung besteht, die personenbezogenen Daten bereitzustellen, und welche Folgen die Nichtbereitstellung der personenbezogenen Daten h\u00e4tte.<\/p>\n<h4>13. Bestehen einer automatisierten Entscheidungsfindung<\/h4>\n<p>Als verantwortungsbewusstes Unternehmen verzichten wir auf eine automatische Entscheidungsfindung oder ein Profiling.<\/p>\n<p>Diese Datenschutzerkl\u00e4rung wurde durch den Datenschutzerkl\u00e4rungs-Generator der DGD Deutsche Gesellschaft f\u00fcr Datenschutz GmbH, die als <a href=\"https:\/\/dg-datenschutz.de\/datenschutz-dienstleistungen\/externer-datenschutzbeauftragter\/\">Externer Datenschutzbeauftragter Mittelfranken<\/a> t\u00e4tig ist, in Kooperation mit den <b><a href=\"https:\/\/www.wbs-law.de\/it-recht\/datenschutzrecht\/\">Datenschutz Anw\u00e4lten der Kanzlei WILDE BEUGER SOLMECKE | Rechtsanw\u00e4lte<\/a><\/b> erstellt.<\/p>\n","protected":false},"excerpt":{"rendered":"<p>Towarzystwo Lehndorff-Gesellschaft-Steinort nie ponosi odpowiedzialno\u015bci za tre\u015bci innych powi\u0105zanych stron internetowych.\u201d \u201eNa stronie 'Darowizny&#8217; zamieszczamy link do strony internetowej Spendino. F\u00fcr deren Inhalt ist ausschlie\u00dflich Spendino verantwortlich und es gelten ausschlie\u00dflich die Datenschutzbestimmungen von Spendino. Polityka prywatno\u015bci Bardzo cieszymy si\u0119  [&#8230;]<\/p>\n","protected":false},"author":1,"featured_media":0,"parent":0,"menu_order":0,"comment_status":"closed","ping_status":"open","template":"","meta":{"footnotes":""},"class_list":["post-3060","page","type-page","status-publish","hentry"],"yoast_head":"<!-- This site is optimized with the Yoast SEO plugin v27.1.1 - https:\/\/yoast.com\/product\/yoast-seo-wordpress\/ -->\n<title>Polityka prywatno\u015bci - Lehndorff-Gesellschaft-Steinort<\/title>\n<meta name=\"robots\" content=\"index, follow, max-snippet:-1, max-image-preview:large, max-video-preview:-1\" \/>\n<link rel=\"canonical\" href=\"https:\/\/lehndorff-gesellschaft-steinort.com\/pl\/datenschutzerklaerung\/\" \/>\n<meta property=\"og:locale\" content=\"pl_PL\" \/>\n<meta property=\"og:type\" content=\"article\" \/>\n<meta property=\"og:title\" content=\"Polityka prywatno\u015bci - Lehndorff-Gesellschaft-Steinort\" \/>\n<meta property=\"og:description\" content=\"Towarzystwo Lehndorff-Gesellschaft-Steinort nie ponosi odpowiedzialno\u015bci za tre\u015bci innych powi\u0105zanych stron internetowych.\u201d \u201eNa stronie &#039;Darowizny&#8217; zamieszczamy link do strony internetowej Spendino. F\u00fcr deren Inhalt ist ausschlie\u00dflich Spendino verantwortlich und es gelten ausschlie\u00dflich die Datenschutzbestimmungen von Spendino. Polityka prywatno\u015bci Bardzo cieszymy si\u0119 [...]\" \/>\n<meta property=\"og:url\" content=\"https:\/\/lehndorff-gesellschaft-steinort.com\/pl\/datenschutzerklaerung\/\" \/>\n<meta property=\"og:site_name\" content=\"Lehndorff-Gesellschaft-Steinort\" \/>\n<meta property=\"article:modified_time\" content=\"2025-04-23T15:59:07+00:00\" \/>\n<meta name=\"twitter:card\" content=\"summary_large_image\" \/>\n<meta name=\"twitter:label1\" content=\"Szacowany czas czytania\" \/>\n\t<meta name=\"twitter:data1\" content=\"22 minuty\" \/>\n<script type=\"application\/ld+json\" class=\"yoast-schema-graph\">{\"@context\":\"https:\/\/schema.org\",\"@graph\":[{\"@type\":\"WebPage\",\"@id\":\"https:\/\/lehndorff-gesellschaft-steinort.com\/pl\/datenschutzerklaerung\/\",\"url\":\"https:\/\/lehndorff-gesellschaft-steinort.com\/pl\/datenschutzerklaerung\/\",\"name\":\"Polityka prywatno\u015bci - Lehndorff-Gesellschaft-Steinort\",\"isPartOf\":{\"@id\":\"https:\/\/lehndorff-gesellschaft-steinort.com\/#website\"},\"datePublished\":\"2021-04-25T10:00:21+00:00\",\"dateModified\":\"2025-04-23T15:59:07+00:00\",\"breadcrumb\":{\"@id\":\"https:\/\/lehndorff-gesellschaft-steinort.com\/pl\/datenschutzerklaerung\/#breadcrumb\"},\"inLanguage\":\"pl-PL\",\"potentialAction\":[{\"@type\":\"ReadAction\",\"target\":[\"https:\/\/lehndorff-gesellschaft-steinort.com\/pl\/datenschutzerklaerung\/\"]}]},{\"@type\":\"BreadcrumbList\",\"@id\":\"https:\/\/lehndorff-gesellschaft-steinort.com\/pl\/datenschutzerklaerung\/#breadcrumb\",\"itemListElement\":[{\"@type\":\"ListItem\",\"position\":1,\"name\":\"Startseite\",\"item\":\"https:\/\/lehndorff-gesellschaft-steinort.com\/pl\/startseite\/\"},{\"@type\":\"ListItem\",\"position\":2,\"name\":\"Polityka prywatno\u015bci\"}]},{\"@type\":\"WebSite\",\"@id\":\"https:\/\/lehndorff-gesellschaft-steinort.com\/#website\",\"url\":\"https:\/\/lehndorff-gesellschaft-steinort.com\/\",\"name\":\"Lehndorff-Gesellschaft-Steinort\",\"description\":\"Eine weitere WordPress-Website\",\"potentialAction\":[{\"@type\":\"SearchAction\",\"target\":{\"@type\":\"EntryPoint\",\"urlTemplate\":\"https:\/\/lehndorff-gesellschaft-steinort.com\/?s={search_term_string}\"},\"query-input\":{\"@type\":\"PropertyValueSpecification\",\"valueRequired\":true,\"valueName\":\"search_term_string\"}}],\"inLanguage\":\"pl-PL\"}]}<\/script>\n<!-- \/ Yoast SEO plugin. -->","yoast_head_json":{"title":"Polityka prywatno\u015bci - Lehndorff-Gesellschaft-Steinort","robots":{"index":"index","follow":"follow","max-snippet":"max-snippet:-1","max-image-preview":"max-image-preview:large","max-video-preview":"max-video-preview:-1"},"canonical":"https:\/\/lehndorff-gesellschaft-steinort.com\/pl\/datenschutzerklaerung\/","og_locale":"pl_PL","og_type":"article","og_title":"Polityka prywatno\u015bci - Lehndorff-Gesellschaft-Steinort","og_description":"Towarzystwo Lehndorff-Gesellschaft-Steinort nie ponosi odpowiedzialno\u015bci za tre\u015bci innych powi\u0105zanych stron internetowych.\u201d \u201eNa stronie 'Darowizny&#8217; zamieszczamy link do strony internetowej Spendino. F\u00fcr deren Inhalt ist ausschlie\u00dflich Spendino verantwortlich und es gelten ausschlie\u00dflich die Datenschutzbestimmungen von Spendino. Polityka prywatno\u015bci Bardzo cieszymy si\u0119 [...]","og_url":"https:\/\/lehndorff-gesellschaft-steinort.com\/pl\/datenschutzerklaerung\/","og_site_name":"Lehndorff-Gesellschaft-Steinort","article_modified_time":"2025-04-23T15:59:07+00:00","twitter_card":"summary_large_image","twitter_misc":{"Szacowany czas czytania":"22 minuty"},"schema":{"@context":"https:\/\/schema.org","@graph":[{"@type":"WebPage","@id":"https:\/\/lehndorff-gesellschaft-steinort.com\/pl\/datenschutzerklaerung\/","url":"https:\/\/lehndorff-gesellschaft-steinort.com\/pl\/datenschutzerklaerung\/","name":"Polityka prywatno\u015bci - Lehndorff-Gesellschaft-Steinort","isPartOf":{"@id":"https:\/\/lehndorff-gesellschaft-steinort.com\/#website"},"datePublished":"2021-04-25T10:00:21+00:00","dateModified":"2025-04-23T15:59:07+00:00","breadcrumb":{"@id":"https:\/\/lehndorff-gesellschaft-steinort.com\/pl\/datenschutzerklaerung\/#breadcrumb"},"inLanguage":"pl-PL","potentialAction":[{"@type":"ReadAction","target":["https:\/\/lehndorff-gesellschaft-steinort.com\/pl\/datenschutzerklaerung\/"]}]},{"@type":"BreadcrumbList","@id":"https:\/\/lehndorff-gesellschaft-steinort.com\/pl\/datenschutzerklaerung\/#breadcrumb","itemListElement":[{"@type":"ListItem","position":1,"name":"Startseite","item":"https:\/\/lehndorff-gesellschaft-steinort.com\/pl\/startseite\/"},{"@type":"ListItem","position":2,"name":"Polityka prywatno\u015bci"}]},{"@type":"WebSite","@id":"https:\/\/lehndorff-gesellschaft-steinort.com\/#website","url":"https:\/\/lehndorff-gesellschaft-steinort.com\/","name":"Lehndorff-Gesellschaft-Steinort","description":"Eine weitere WordPress-Website","potentialAction":[{"@type":"SearchAction","target":{"@type":"EntryPoint","urlTemplate":"https:\/\/lehndorff-gesellschaft-steinort.com\/?s={search_term_string}"},"query-input":{"@type":"PropertyValueSpecification","valueRequired":true,"valueName":"search_term_string"}}],"inLanguage":"pl-PL"}]}},"_links":{"self":[{"href":"https:\/\/lehndorff-gesellschaft-steinort.com\/pl\/wp-json\/wp\/v2\/pages\/3060","targetHints":{"allow":["GET"]}}],"collection":[{"href":"https:\/\/lehndorff-gesellschaft-steinort.com\/pl\/wp-json\/wp\/v2\/pages"}],"about":[{"href":"https:\/\/lehndorff-gesellschaft-steinort.com\/pl\/wp-json\/wp\/v2\/types\/page"}],"author":[{"embeddable":true,"href":"https:\/\/lehndorff-gesellschaft-steinort.com\/pl\/wp-json\/wp\/v2\/users\/1"}],"replies":[{"embeddable":true,"href":"https:\/\/lehndorff-gesellschaft-steinort.com\/pl\/wp-json\/wp\/v2\/comments?post=3060"}],"version-history":[{"count":1,"href":"https:\/\/lehndorff-gesellschaft-steinort.com\/pl\/wp-json\/wp\/v2\/pages\/3060\/revisions"}],"predecessor-version":[{"id":3251,"href":"https:\/\/lehndorff-gesellschaft-steinort.com\/pl\/wp-json\/wp\/v2\/pages\/3060\/revisions\/3251"}],"wp:attachment":[{"href":"https:\/\/lehndorff-gesellschaft-steinort.com\/pl\/wp-json\/wp\/v2\/media?parent=3060"}],"curies":[{"name":"wp","href":"https:\/\/api.w.org\/{rel}","templated":true}]}}